{"id":207,"date":"2021-03-22T10:00:59","date_gmt":"2021-03-22T09:00:59","guid":{"rendered":"https:\/\/apaindeloup.fr\/?page_id=207"},"modified":"2025-10-16T09:49:51","modified_gmt":"2025-10-16T07:49:51","slug":"artisan-boulanger-bio-belley-gourmandises-vegan","status":"publish","type":"page","link":"https:\/\/apaindeloup.fr\/index.php\/artisan-boulanger-bio-belley-gourmandises-vegan\/","title":{"rendered":"Gourmandises"},"content":{"rendered":"\n<blockquote class=\"wp-block-quote has-text-align-center is-layout-flow wp-block-quote-is-layout-flow\">\n<p>\u00ab Sous quelque rapport qu&rsquo;on envisage la gourmandise, elle ne m\u00e9rite qu&rsquo;\u00e9loge et encouragement.\u00bb<\/p>\n<cite>Jean-Anthelme Brillat-Savarin<\/cite><\/blockquote>\n\n\n<style>.wp-block-kadence-advancedheading.kt-adv-heading207_2c6ff7-f3, .wp-block-kadence-advancedheading.kt-adv-heading207_2c6ff7-f3[data-kb-block=\"kb-adv-heading207_2c6ff7-f3\"]{text-align:left;font-weight:400;font-style:normal;font-family:'Nerko One';color:#333333;}.wp-block-kadence-advancedheading.kt-adv-heading207_2c6ff7-f3 mark.kt-highlight, .wp-block-kadence-advancedheading.kt-adv-heading207_2c6ff7-f3[data-kb-block=\"kb-adv-heading207_2c6ff7-f3\"] mark.kt-highlight{font-style:normal;color:#f76a0c;-webkit-box-decoration-break:clone;box-decoration-break:clone;padding-top:0px;padding-right:0px;padding-bottom:0px;padding-left:0px;}.wp-block-kadence-advancedheading.kt-adv-heading207_2c6ff7-f3 img.kb-inline-image, .wp-block-kadence-advancedheading.kt-adv-heading207_2c6ff7-f3[data-kb-block=\"kb-adv-heading207_2c6ff7-f3\"] img.kb-inline-image{width:150px;vertical-align:baseline;}<\/style>\n<h1 class=\"kt-adv-heading207_2c6ff7-f3 wp-block-kadence-advancedheading\" data-kb-block=\"kb-adv-heading207_2c6ff7-f3\"><strong>VIENNOISERIES<\/strong><\/h1>\n\n\n<style>.wp-block-kadence-spacer.kt-block-spacer-207_091722-2a .kt-block-spacer{height:30px;}.wp-block-kadence-spacer.kt-block-spacer-207_091722-2a .kt-divider{border-top-width:1px;height:1px;border-top-color:#eee;width:80%;border-top-style:solid;}<\/style>\n<div class=\"wp-block-kadence-spacer aligncenter kt-block-spacer-207_091722-2a\"><div class=\"kt-block-spacer kt-block-spacer-halign-center\"><hr class=\"kt-divider\"\/><\/div><\/div>\n\n\n\n<div class=\"wp-block-columns is-layout-flex wp-container-core-columns-is-layout-9d6595d7 wp-block-columns-is-layout-flex\">\n<div class=\"wp-block-column is-layout-flow wp-block-column-is-layout-flow\" style=\"flex-basis:33.33%\"><div class=\"wp-block-image\">\n<figure class=\"alignright size-full is-resized\"><img loading=\"lazy\" decoding=\"async\" width=\"400\" height=\"400\" src=\"https:\/\/apaindeloup.fr\/wp-content\/uploads\/2023\/09\/pattedeloup-64de39d8db927.jpg\" alt=\"\" class=\"wp-image-2172\" style=\"width:300px;height:300px\" srcset=\"https:\/\/apaindeloup.fr\/wp-content\/uploads\/2023\/09\/pattedeloup-64de39d8db927.jpg 400w, https:\/\/apaindeloup.fr\/wp-content\/uploads\/2023\/09\/pattedeloup-64de39d8db927-300x300.jpg 300w, https:\/\/apaindeloup.fr\/wp-content\/uploads\/2023\/09\/pattedeloup-64de39d8db927-150x150.jpg 150w\" sizes=\"auto, (max-width: 400px) 100vw, 400px\" \/><\/figure>\n<\/div><\/div>\n\n\n\n<div class=\"wp-block-column is-vertically-aligned-center is-layout-flow wp-block-column-is-layout-flow\" style=\"flex-basis:66.66%\"><style>.wp-block-kadence-advancedheading.kt-adv-heading207_133c20-bb, .wp-block-kadence-advancedheading.kt-adv-heading207_133c20-bb[data-kb-block=\"kb-adv-heading207_133c20-bb\"]{font-weight:400;font-style:normal;font-family:Lobster;}.wp-block-kadence-advancedheading.kt-adv-heading207_133c20-bb mark.kt-highlight, .wp-block-kadence-advancedheading.kt-adv-heading207_133c20-bb[data-kb-block=\"kb-adv-heading207_133c20-bb\"] mark.kt-highlight{font-style:normal;color:#f76a0c;-webkit-box-decoration-break:clone;box-decoration-break:clone;padding-top:0px;padding-right:0px;padding-bottom:0px;padding-left:0px;}.wp-block-kadence-advancedheading.kt-adv-heading207_133c20-bb img.kb-inline-image, .wp-block-kadence-advancedheading.kt-adv-heading207_133c20-bb[data-kb-block=\"kb-adv-heading207_133c20-bb\"] img.kb-inline-image{width:150px;vertical-align:baseline;}<\/style>\n<h3 class=\"kt-adv-heading207_133c20-bb wp-block-kadence-advancedheading\" data-kb-block=\"kb-adv-heading207_133c20-bb\"><strong>Patte de Loup<\/strong><\/h3>\n\n\n\n<p style=\"font-size:15px\"><strong><em>B<\/em><\/strong><em><strong>rioche v\u00e9g\u00e9talienne \u00e0 l&rsquo;huile d&rsquo;olive et beurre coco tournesol, biga (p\u00e2te pr\u00e9ferment\u00e9e italienne), levure, avec de la farine de bl\u00e9 semi compl\u00e8te (plus nutritive que la farine raffin\u00e9e).<\/strong><\/em><strong><em><em><strong>.<\/strong><\/em>.. et surtout : des p\u00e9pites de chocolat noir (commerce \u00e9quitable) !<\/em><\/strong><br>Vendue \u00e0 la pi\u00e8ce<br>Le parfait go\u00fbter des petits et des grands gourmands !<br><em>&gt;&gt; A conserver dans un sachet plastique type cong\u00e9lation pour garder son moelleux sur 2-3 jours ! <\/em><\/p>\n<\/div>\n<\/div>\n\n\n\n<div class=\"wp-block-columns is-layout-flex wp-container-core-columns-is-layout-9d6595d7 wp-block-columns-is-layout-flex\">\n<div class=\"wp-block-column is-layout-flow wp-block-column-is-layout-flow\" style=\"flex-basis:33.33%\"><div class=\"wp-block-image\">\n<figure class=\"alignright size-full is-resized\"><img loading=\"lazy\" decoding=\"async\" width=\"400\" height=\"400\" src=\"https:\/\/apaindeloup.fr\/wp-content\/uploads\/2023\/09\/brioche-nat-64de39ec8b9a6.jpg\" alt=\"\" class=\"wp-image-2173\" style=\"width:300px;height:300px\" srcset=\"https:\/\/apaindeloup.fr\/wp-content\/uploads\/2023\/09\/brioche-nat-64de39ec8b9a6.jpg 400w, https:\/\/apaindeloup.fr\/wp-content\/uploads\/2023\/09\/brioche-nat-64de39ec8b9a6-300x300.jpg 300w, https:\/\/apaindeloup.fr\/wp-content\/uploads\/2023\/09\/brioche-nat-64de39ec8b9a6-150x150.jpg 150w\" sizes=\"auto, (max-width: 400px) 100vw, 400px\" \/><\/figure>\n<\/div><\/div>\n\n\n\n<div class=\"wp-block-column is-vertically-aligned-center is-layout-flow wp-block-column-is-layout-flow\" style=\"flex-basis:66.66%\"><style>.wp-block-kadence-advancedheading.kt-adv-heading207_19f1f7-86, .wp-block-kadence-advancedheading.kt-adv-heading207_19f1f7-86[data-kb-block=\"kb-adv-heading207_19f1f7-86\"]{font-weight:400;font-style:normal;font-family:Lobster;}.wp-block-kadence-advancedheading.kt-adv-heading207_19f1f7-86 mark.kt-highlight, .wp-block-kadence-advancedheading.kt-adv-heading207_19f1f7-86[data-kb-block=\"kb-adv-heading207_19f1f7-86\"] mark.kt-highlight{font-style:normal;color:#f76a0c;-webkit-box-decoration-break:clone;box-decoration-break:clone;padding-top:0px;padding-right:0px;padding-bottom:0px;padding-left:0px;}.wp-block-kadence-advancedheading.kt-adv-heading207_19f1f7-86 img.kb-inline-image, .wp-block-kadence-advancedheading.kt-adv-heading207_19f1f7-86[data-kb-block=\"kb-adv-heading207_19f1f7-86\"] img.kb-inline-image{width:150px;vertical-align:baseline;}<\/style>\n<h3 class=\"kt-adv-heading207_19f1f7-86 wp-block-kadence-advancedheading\" data-kb-block=\"kb-adv-heading207_19f1f7-86\"><strong>La Brioche Nature<\/strong><\/h3>\n\n\n\n<p style=\"font-size:15px\"><em><strong>Brioche v\u00e9g\u00e9talienne \u00e0 l&rsquo;huile d&rsquo;olive et beurre coco tournesol, biga (p\u00e2te pr\u00e9ferment\u00e9e italienne), levure, avec de la farine de bl\u00e9 semi compl\u00e8te (plus nutritive que la farine raffin\u00e9e).<\/strong><\/em><br>Vendu \u00e0 la pi\u00e8ce (env 300g)<br><em>&gt;&gt; A conserver dans un sachet plastique type cong\u00e9lation pour garder son moelleux sur 2-3 jours ! <\/em><\/p>\n<\/div>\n<\/div>\n\n\n\n<div class=\"wp-block-columns is-layout-flex wp-container-core-columns-is-layout-9d6595d7 wp-block-columns-is-layout-flex\">\n<div class=\"wp-block-column is-layout-flow wp-block-column-is-layout-flow\" style=\"flex-basis:33.33%\"><div class=\"wp-block-image\">\n<figure class=\"alignright size-full is-resized\"><img loading=\"lazy\" decoding=\"async\" width=\"400\" height=\"400\" src=\"https:\/\/apaindeloup.fr\/wp-content\/uploads\/2023\/03\/babka-miel2.jpg\" alt=\"\" class=\"wp-image-2102\" style=\"width:300px;height:300px\" srcset=\"https:\/\/apaindeloup.fr\/wp-content\/uploads\/2023\/03\/babka-miel2.jpg 400w, https:\/\/apaindeloup.fr\/wp-content\/uploads\/2023\/03\/babka-miel2-300x300.jpg 300w, https:\/\/apaindeloup.fr\/wp-content\/uploads\/2023\/03\/babka-miel2-150x150.jpg 150w\" sizes=\"auto, (max-width: 400px) 100vw, 400px\" \/><\/figure>\n<\/div><\/div>\n\n\n\n<div class=\"wp-block-column is-vertically-aligned-center is-layout-flow wp-block-column-is-layout-flow\" style=\"flex-basis:66.66%\"><style>.wp-block-kadence-advancedheading.kt-adv-heading207_51c5bc-9f, .wp-block-kadence-advancedheading.kt-adv-heading207_51c5bc-9f[data-kb-block=\"kb-adv-heading207_51c5bc-9f\"]{font-weight:400;font-style:normal;font-family:Lobster;}.wp-block-kadence-advancedheading.kt-adv-heading207_51c5bc-9f mark.kt-highlight, .wp-block-kadence-advancedheading.kt-adv-heading207_51c5bc-9f[data-kb-block=\"kb-adv-heading207_51c5bc-9f\"] mark.kt-highlight{font-style:normal;color:#f76a0c;-webkit-box-decoration-break:clone;box-decoration-break:clone;padding-top:0px;padding-right:0px;padding-bottom:0px;padding-left:0px;}.wp-block-kadence-advancedheading.kt-adv-heading207_51c5bc-9f img.kb-inline-image, .wp-block-kadence-advancedheading.kt-adv-heading207_51c5bc-9f[data-kb-block=\"kb-adv-heading207_51c5bc-9f\"] img.kb-inline-image{width:150px;vertical-align:baseline;}<\/style>\n<h3 class=\"kt-adv-heading207_51c5bc-9f wp-block-kadence-advancedheading\" data-kb-block=\"kb-adv-heading207_51c5bc-9f\"><strong>La Babka<\/strong> <\/h3>\n\n\n\n<p style=\"font-size:15px\"><em>Originaire des pays de l&rsquo;Est, Babka signifie grand-m\u00e8re en Polonais car elle rappelle les jupes pliss\u00e9es port\u00e9es par celles-ci !<\/em><\/p>\n\n\n\n<p style=\"font-size:15px\"><em><span><b>Brioche v\u00e9g\u00e9talienne \u00e0 l&rsquo;huile d&rsquo;olive et beurre coco tournesol, biga (p\u00e2te pr\u00e9ferment\u00e9e italienne), levure, avec de la farine de bl\u00e9 semi compl\u00e8te (plus nutritive que la farine raffin\u00e9e)<\/b><\/span><\/em>, elle est garnie d&rsquo;une p\u00e2te \u00e0 tartiner maison de saison (selon l&rsquo;inspiration du moment : dattes-miel, mirabelles, fraises, chocolat-caroube, oranges-chocolat&#8230;)<em><strong><br><\/strong><\/em>Vendu \u00e0 la pi\u00e8ce en 2 tailles (420g et 220g environ)<br><em>&gt;&gt; A conserver dans un sachet plastique type cong\u00e9lation pour garder son moelleux sur 2-3 jours ! <\/em><\/p>\n<\/div>\n<\/div>\n\n\n\n<div class=\"wp-block-columns is-layout-flex wp-container-core-columns-is-layout-9d6595d7 wp-block-columns-is-layout-flex\">\n<div class=\"wp-block-column is-layout-flow wp-block-column-is-layout-flow\" style=\"flex-basis:33.33%\"><div class=\"wp-block-image\">\n<figure class=\"alignright size-full is-resized\"><img loading=\"lazy\" decoding=\"async\" width=\"400\" height=\"400\" src=\"https:\/\/apaindeloup.fr\/wp-content\/uploads\/2025\/10\/marguerite.jpg\" alt=\"\" class=\"wp-image-2313\" style=\"width:300px;height:300px\" srcset=\"https:\/\/apaindeloup.fr\/wp-content\/uploads\/2025\/10\/marguerite.jpg 400w, https:\/\/apaindeloup.fr\/wp-content\/uploads\/2025\/10\/marguerite-300x300.jpg 300w, https:\/\/apaindeloup.fr\/wp-content\/uploads\/2025\/10\/marguerite-150x150.jpg 150w\" sizes=\"auto, (max-width: 400px) 100vw, 400px\" \/><\/figure>\n<\/div><\/div>\n\n\n\n<div class=\"wp-block-column is-vertically-aligned-center is-layout-flow wp-block-column-is-layout-flow\" style=\"flex-basis:66.66%\"><style>.wp-block-kadence-advancedheading.kt-adv-heading207_6119e1-77, .wp-block-kadence-advancedheading.kt-adv-heading207_6119e1-77[data-kb-block=\"kb-adv-heading207_6119e1-77\"]{font-weight:400;font-style:normal;font-family:Lobster;}.wp-block-kadence-advancedheading.kt-adv-heading207_6119e1-77 mark.kt-highlight, .wp-block-kadence-advancedheading.kt-adv-heading207_6119e1-77[data-kb-block=\"kb-adv-heading207_6119e1-77\"] mark.kt-highlight{font-style:normal;color:#f76a0c;-webkit-box-decoration-break:clone;box-decoration-break:clone;padding-top:0px;padding-right:0px;padding-bottom:0px;padding-left:0px;}.wp-block-kadence-advancedheading.kt-adv-heading207_6119e1-77 img.kb-inline-image, .wp-block-kadence-advancedheading.kt-adv-heading207_6119e1-77[data-kb-block=\"kb-adv-heading207_6119e1-77\"] img.kb-inline-image{width:150px;vertical-align:baseline;}<\/style>\n<h3 class=\"kt-adv-heading207_6119e1-77 wp-block-kadence-advancedheading\" data-kb-block=\"kb-adv-heading207_6119e1-77\"><strong>La  Brioche Marguerite<\/strong><\/h3>\n\n\n\n<p style=\"font-size:15px\"><strong><em>B<\/em><\/strong><em><strong>rioche v\u00e9g\u00e9talienne \u00e0 l&rsquo;huile d&rsquo;olive et beurre coco tournesol, biga (p\u00e2te pr\u00e9ferment\u00e9e italienne), levure, avec de la farine de bl\u00e9 semi compl\u00e8te (plus nutritive que la farine raffin\u00e9e).<\/strong><\/em><strong><em><strong>.<\/strong>.. et surtout : des p\u00e9pites de chocolat noir (commerce \u00e9quitable) !<\/em><\/strong>, <\/p>\n\n\n\n<p style=\"font-size:15px\">Format familial de 450g <br><em>&gt;&gt; A conserver dans un sachet plastique type cong\u00e9lation pour garder son moelleux sur 2-3 jours ! <\/em><\/p>\n<\/div>\n<\/div>\n\n\n\n<div class=\"wp-block-columns is-layout-flex wp-container-core-columns-is-layout-9d6595d7 wp-block-columns-is-layout-flex\">\n<div class=\"wp-block-column is-layout-flow wp-block-column-is-layout-flow\" style=\"flex-basis:33.33%\">\n<figure class=\"wp-block-image size-full is-resized\"><img loading=\"lazy\" decoding=\"async\" width=\"400\" height=\"400\" src=\"https:\/\/apaindeloup.fr\/wp-content\/uploads\/2025\/10\/marie-antoinette-65772615132b3.jpg\" alt=\"\" class=\"wp-image-2319\" style=\"object-fit:cover;width:300px;height:300px\" srcset=\"https:\/\/apaindeloup.fr\/wp-content\/uploads\/2025\/10\/marie-antoinette-65772615132b3.jpg 400w, https:\/\/apaindeloup.fr\/wp-content\/uploads\/2025\/10\/marie-antoinette-65772615132b3-300x300.jpg 300w, https:\/\/apaindeloup.fr\/wp-content\/uploads\/2025\/10\/marie-antoinette-65772615132b3-150x150.jpg 150w\" sizes=\"auto, (max-width: 400px) 100vw, 400px\" \/><\/figure>\n<\/div>\n\n\n\n<div class=\"wp-block-column is-vertically-aligned-center is-layout-flow wp-block-column-is-layout-flow\" style=\"flex-basis:66.66%\"><style>.wp-block-kadence-advancedheading.kt-adv-heading207_907fb4-90, .wp-block-kadence-advancedheading.kt-adv-heading207_907fb4-90[data-kb-block=\"kb-adv-heading207_907fb4-90\"]{font-weight:400;font-style:normal;font-family:Lobster;}.wp-block-kadence-advancedheading.kt-adv-heading207_907fb4-90 mark.kt-highlight, .wp-block-kadence-advancedheading.kt-adv-heading207_907fb4-90[data-kb-block=\"kb-adv-heading207_907fb4-90\"] mark.kt-highlight{font-style:normal;color:#f76a0c;-webkit-box-decoration-break:clone;box-decoration-break:clone;padding-top:0px;padding-right:0px;padding-bottom:0px;padding-left:0px;}.wp-block-kadence-advancedheading.kt-adv-heading207_907fb4-90 img.kb-inline-image, .wp-block-kadence-advancedheading.kt-adv-heading207_907fb4-90[data-kb-block=\"kb-adv-heading207_907fb4-90\"] img.kb-inline-image{width:150px;vertical-align:baseline;}<\/style>\n<h3 class=\"kt-adv-heading207_907fb4-90 wp-block-kadence-advancedheading\" data-kb-block=\"kb-adv-heading207_907fb4-90\"><strong>La  Brioche Marie Antoinette<\/strong><\/h3>\n\n\n\n<p style=\"font-size:15px\"><strong><em>B<\/em><\/strong><em><strong>rioche v\u00e9g\u00e9talienne \u00e0 l&rsquo;huile d&rsquo;olive et beurre coco tournesol, biga (p\u00e2te pr\u00e9ferment\u00e9e italienne), levure, avec de la farine de bl\u00e9 semi compl\u00e8te (plus nutritive que la farine raffin\u00e9e)<\/strong><\/em><strong><em> <\/em><\/strong>, <\/p>\n\n\n\n<p style=\"font-size:15px\">Format familial de 550g <br><em>&gt;&gt; A conserver dans un sachet plastique type cong\u00e9lation pour garder son moelleux sur 2-3 jours ! <\/em><\/p>\n<\/div>\n<\/div>\n\n\n\n<div class=\"wp-block-columns is-layout-flex wp-container-core-columns-is-layout-9d6595d7 wp-block-columns-is-layout-flex\">\n<div class=\"wp-block-column is-layout-flow wp-block-column-is-layout-flow\" style=\"flex-basis:33.33%\"><div class=\"wp-block-image\">\n<figure class=\"alignright size-full is-resized\"><img loading=\"lazy\" decoding=\"async\" width=\"400\" height=\"400\" src=\"https:\/\/apaindeloup.fr\/wp-content\/uploads\/2023\/03\/buns1.jpg\" alt=\"\" class=\"wp-image-2104\" style=\"width:300px;height:300px\" srcset=\"https:\/\/apaindeloup.fr\/wp-content\/uploads\/2023\/03\/buns1.jpg 400w, https:\/\/apaindeloup.fr\/wp-content\/uploads\/2023\/03\/buns1-300x300.jpg 300w, https:\/\/apaindeloup.fr\/wp-content\/uploads\/2023\/03\/buns1-150x150.jpg 150w\" sizes=\"auto, (max-width: 400px) 100vw, 400px\" \/><\/figure>\n<\/div><\/div>\n\n\n\n<div class=\"wp-block-column is-vertically-aligned-center is-layout-flow wp-block-column-is-layout-flow\" style=\"flex-basis:66.66%\"><style>.wp-block-kadence-advancedheading.kt-adv-heading207_537806-18, .wp-block-kadence-advancedheading.kt-adv-heading207_537806-18[data-kb-block=\"kb-adv-heading207_537806-18\"]{font-weight:400;font-style:normal;font-family:Lobster;}.wp-block-kadence-advancedheading.kt-adv-heading207_537806-18 mark.kt-highlight, .wp-block-kadence-advancedheading.kt-adv-heading207_537806-18[data-kb-block=\"kb-adv-heading207_537806-18\"] mark.kt-highlight{font-style:normal;color:#f76a0c;-webkit-box-decoration-break:clone;box-decoration-break:clone;padding-top:0px;padding-right:0px;padding-bottom:0px;padding-left:0px;}.wp-block-kadence-advancedheading.kt-adv-heading207_537806-18 img.kb-inline-image, .wp-block-kadence-advancedheading.kt-adv-heading207_537806-18[data-kb-block=\"kb-adv-heading207_537806-18\"] img.kb-inline-image{width:150px;vertical-align:baseline;}<\/style>\n<h3 class=\"kt-adv-heading207_537806-18 wp-block-kadence-advancedheading\" data-kb-block=\"kb-adv-heading207_537806-18\"><strong>Buns<\/strong> (produit de saison)<\/h3>\n\n\n\n<p style=\"font-size:15px\"><em><span><b>Pain \u00e0 burger tout moelleux !<\/b><\/span><strong><br><\/strong><\/em>Vendue \u00e0 la pi\u00e8ce (environ 110g)<br>Fabriqu\u00e9 avec une farine semi compl\u00e8te de bl\u00e9 et garanti sans mati\u00e8res animales, Parfois propos\u00e9 en version \u00ab\u00a0black\u00a0\u00bb (en ajoutant du charbon actif \u00e0 la farine) <br>&gt;&gt; <em>A conserver dans un sachet plastique type cong\u00e9lation pour garder sa texture moelleuse sur 2-3 jours !<\/em> <\/p>\n<\/div>\n<\/div>\n\n\n\n<div class=\"wp-block-buttons is-horizontal is-content-justification-center is-layout-flex wp-container-core-buttons-is-layout-499968f5 wp-block-buttons-is-layout-flex\">\n<div class=\"wp-block-button\"><a class=\"wp-block-button__link has-text-color wp-element-button\" href=\"https:\/\/producteurs.souke.fr\/apaindeloup\" style=\"color:#f7d955\" target=\"_blank\" rel=\"noreferrer noopener\"><strong>PASSER COMMANDE<\/strong><\/a><\/div>\n<\/div>\n\n\n\n<hr class=\"wp-block-separator has-css-opacity is-style-wide\"\/>\n\n\n<style>.wp-block-kadence-advancedheading.kt-adv-heading207_bb200c-84, .wp-block-kadence-advancedheading.kt-adv-heading207_bb200c-84[data-kb-block=\"kb-adv-heading207_bb200c-84\"]{text-align:left;font-weight:400;font-style:normal;font-family:'Nerko One';color:#333333;}.wp-block-kadence-advancedheading.kt-adv-heading207_bb200c-84 mark.kt-highlight, .wp-block-kadence-advancedheading.kt-adv-heading207_bb200c-84[data-kb-block=\"kb-adv-heading207_bb200c-84\"] mark.kt-highlight{font-style:normal;color:#f76a0c;-webkit-box-decoration-break:clone;box-decoration-break:clone;padding-top:0px;padding-right:0px;padding-bottom:0px;padding-left:0px;}.wp-block-kadence-advancedheading.kt-adv-heading207_bb200c-84 img.kb-inline-image, .wp-block-kadence-advancedheading.kt-adv-heading207_bb200c-84[data-kb-block=\"kb-adv-heading207_bb200c-84\"] img.kb-inline-image{width:150px;vertical-align:baseline;}<\/style>\n<h1 class=\"kt-adv-heading207_bb200c-84 wp-block-kadence-advancedheading\" data-kb-block=\"kb-adv-heading207_bb200c-84\"><strong>BISCUITERIE<\/strong><\/h1>\n\n\n<style>.wp-block-kadence-spacer.kt-block-spacer-207_597f78-ff .kt-block-spacer{height:30px;}.wp-block-kadence-spacer.kt-block-spacer-207_597f78-ff .kt-divider{border-top-width:1px;height:1px;border-top-color:#eee;width:80%;border-top-style:solid;}<\/style>\n<div class=\"wp-block-kadence-spacer aligncenter kt-block-spacer-207_597f78-ff\"><div class=\"kt-block-spacer kt-block-spacer-halign-center\"><hr class=\"kt-divider\"\/><\/div><\/div>\n\n\n\n<div class=\"wp-block-columns is-layout-flex wp-container-core-columns-is-layout-9d6595d7 wp-block-columns-is-layout-flex\">\n<div class=\"wp-block-column is-layout-flow wp-block-column-is-layout-flow\" style=\"flex-basis:33.33%\"><div class=\"wp-block-image\">\n<figure class=\"alignright size-full is-resized\"><img loading=\"lazy\" decoding=\"async\" width=\"400\" height=\"400\" src=\"https:\/\/apaindeloup.fr\/wp-content\/uploads\/2023\/02\/bARRES-CHOICOC.jpg\" alt=\"\" class=\"wp-image-2058\" style=\"width:300px;height:300px\" srcset=\"https:\/\/apaindeloup.fr\/wp-content\/uploads\/2023\/02\/bARRES-CHOICOC.jpg 400w, https:\/\/apaindeloup.fr\/wp-content\/uploads\/2023\/02\/bARRES-CHOICOC-300x300.jpg 300w, https:\/\/apaindeloup.fr\/wp-content\/uploads\/2023\/02\/bARRES-CHOICOC-150x150.jpg 150w\" sizes=\"auto, (max-width: 400px) 100vw, 400px\" \/><\/figure>\n<\/div><\/div>\n\n\n\n<div class=\"wp-block-column is-vertically-aligned-center is-layout-flow wp-block-column-is-layout-flow\" style=\"flex-basis:66.66%\"><style>.wp-block-kadence-advancedheading.kt-adv-heading207_5a1ff1-4a, .wp-block-kadence-advancedheading.kt-adv-heading207_5a1ff1-4a[data-kb-block=\"kb-adv-heading207_5a1ff1-4a\"]{font-weight:400;font-style:normal;font-family:Lobster;}.wp-block-kadence-advancedheading.kt-adv-heading207_5a1ff1-4a mark.kt-highlight, .wp-block-kadence-advancedheading.kt-adv-heading207_5a1ff1-4a[data-kb-block=\"kb-adv-heading207_5a1ff1-4a\"] mark.kt-highlight{font-style:normal;color:#f76a0c;-webkit-box-decoration-break:clone;box-decoration-break:clone;padding-top:0px;padding-right:0px;padding-bottom:0px;padding-left:0px;}.wp-block-kadence-advancedheading.kt-adv-heading207_5a1ff1-4a img.kb-inline-image, .wp-block-kadence-advancedheading.kt-adv-heading207_5a1ff1-4a[data-kb-block=\"kb-adv-heading207_5a1ff1-4a\"] img.kb-inline-image{width:150px;vertical-align:baseline;}<\/style>\n<h3 class=\"kt-adv-heading207_5a1ff1-4a wp-block-kadence-advancedheading\" data-kb-block=\"kb-adv-heading207_5a1ff1-4a\"><strong>Barre \u00e9nergie Choco Caroube<\/strong><\/h3>\n\n\n\n<p style=\"font-size:15px\"><em style=\"font-weight: bold;\">P\u00e2te de dattes, flocons d&rsquo;avoine, p\u00e9pites de chocolat noir, graines de tournesol, huile de tournesol, sirop d&rsquo;agave, poudre de caroube, sel de Camargue<\/em><\/p>\n\n\n\n<p style=\"font-size:15px\">Vendue \u00e0 la pi\u00e8ce (env 35g)<br>Petite barre id\u00e9ale pour faire le plein d&rsquo;\u00e9nergie, au boulot comme en rando ! Le caroube poss\u00e8de une saveur et une texture proche du cacao. La poudre de caroube provient de la gousse du caroubier qui pousse sur les bords de la M\u00e9diterran\u00e9e, permettant une production plus locale que celle du cacao. Elle ne contient pas de caf\u00e9ine, moins de mati\u00e8res grasses que le cacao, mais plus de fibres, de potassium et de calcium. Elle est r\u00e9put\u00e9e aussi pour ses propri\u00e9t\u00e9s hypocholest\u00e9rol\u00e9miantes, hypoglyc\u00e9miantes.<br><em>&gt;&gt; A conserver maximum 5 jours au sec \u00e0 temp\u00e9rature ambiante dans son sachet, ou 3 semaines au frigo. Elles se cong\u00e8lent aussi tr\u00e8s bien et d\u00e9cong\u00e8lent vite (une bonne solution pour les stocker plusieurs mois). Vous pouvez les emballer dans du papier sulfuris\u00e9 pour les transporter facilement.<\/em><\/p>\n<\/div>\n<\/div>\n\n\n\n<div class=\"wp-block-columns is-layout-flex wp-container-core-columns-is-layout-9d6595d7 wp-block-columns-is-layout-flex\">\n<div class=\"wp-block-column is-layout-flow wp-block-column-is-layout-flow\" style=\"flex-basis:33.33%\"><div class=\"wp-block-image\">\n<figure class=\"alignright size-full is-resized\"><img loading=\"lazy\" decoding=\"async\" width=\"400\" height=\"400\" src=\"https:\/\/apaindeloup.fr\/wp-content\/uploads\/2023\/02\/BARRES-GRAINES.jpg\" alt=\"\" class=\"wp-image-2059\" style=\"width:300px;height:300px\" srcset=\"https:\/\/apaindeloup.fr\/wp-content\/uploads\/2023\/02\/BARRES-GRAINES.jpg 400w, https:\/\/apaindeloup.fr\/wp-content\/uploads\/2023\/02\/BARRES-GRAINES-300x300.jpg 300w, https:\/\/apaindeloup.fr\/wp-content\/uploads\/2023\/02\/BARRES-GRAINES-150x150.jpg 150w\" sizes=\"auto, (max-width: 400px) 100vw, 400px\" \/><\/figure>\n<\/div><\/div>\n\n\n\n<div class=\"wp-block-column is-vertically-aligned-center is-layout-flow wp-block-column-is-layout-flow\" style=\"flex-basis:66.66%\"><style>.wp-block-kadence-advancedheading.kt-adv-heading207_b32db8-89, .wp-block-kadence-advancedheading.kt-adv-heading207_b32db8-89[data-kb-block=\"kb-adv-heading207_b32db8-89\"]{font-weight:400;font-style:normal;font-family:Lobster;}.wp-block-kadence-advancedheading.kt-adv-heading207_b32db8-89 mark.kt-highlight, .wp-block-kadence-advancedheading.kt-adv-heading207_b32db8-89[data-kb-block=\"kb-adv-heading207_b32db8-89\"] mark.kt-highlight{font-style:normal;color:#f76a0c;-webkit-box-decoration-break:clone;box-decoration-break:clone;padding-top:0px;padding-right:0px;padding-bottom:0px;padding-left:0px;}.wp-block-kadence-advancedheading.kt-adv-heading207_b32db8-89 img.kb-inline-image, .wp-block-kadence-advancedheading.kt-adv-heading207_b32db8-89[data-kb-block=\"kb-adv-heading207_b32db8-89\"] img.kb-inline-image{width:150px;vertical-align:baseline;}<\/style>\n<h3 class=\"kt-adv-heading207_b32db8-89 wp-block-kadence-advancedheading\" data-kb-block=\"kb-adv-heading207_b32db8-89\"><strong>Barre \u00e9nergie Graines<\/strong><\/h3>\n\n\n\n<p style=\"font-size:15px\"><strong><em><strong><em><em style=\"font-weight: bold;\">P\u00e2te de dattes, flocons d&rsquo;avoine, graines de chia, graines de tournesol, graines de courges, huile de tournesol, sirop d&rsquo;agave, sel de Camargue<\/em> <\/em><\/strong><\/em><\/strong><\/p>\n\n\n\n<p style=\"font-size:15px\">Vendue \u00e0 la pi\u00e8ce (env 35g)<br>Petite barre id\u00e9ale pour faire le plein d&rsquo;\u00e9nergie, au boulot comme en rando ! Les dattes sont riches en glucose, tr\u00e8s digestes et alcalines. Les graines de courges sont riches en magn\u00e9sium, en fer et elles aident \u00e0 r\u00e9guler la glyc\u00e9mie. Les graines de tournesol sont compos\u00e9es de 25% de prot\u00e9ines et sont un v\u00e9ritable concentr\u00e9 de nutriments et antioxydants. La graine de chia est reconnue depuis toujours pour ses vertus sant\u00e9 et vitalit\u00e9. C\u2019est un concentr\u00e9 d\u2019\u00e9nergie, de vitamines et de min\u00e9raux, un aliment id\u00e9al pour le sportif.<br><em>&gt;&gt; A conserver maximum 5<em> jours au sec \u00e0 temp\u00e9rature ambiante dans son sachet, ou 3 semaines au frigo<\/em> . Elles se cong\u00e8lent aussi tr\u00e8s bien et d\u00e9cong\u00e8lent vite (une bonne solution pour les stocker plusieurs mois). Vous pouvez les emballer dans du papier sulfuris\u00e9 pour les transporter facilement.<\/em><\/p>\n<\/div>\n<\/div>\n\n\n\n<div class=\"wp-block-columns is-layout-flex wp-container-core-columns-is-layout-9d6595d7 wp-block-columns-is-layout-flex\">\n<div class=\"wp-block-column is-layout-flow wp-block-column-is-layout-flow\" style=\"flex-basis:33.33%\"><div class=\"wp-block-image\">\n<figure class=\"alignright size-full is-resized\"><img loading=\"lazy\" decoding=\"async\" width=\"400\" height=\"400\" src=\"https:\/\/apaindeloup.fr\/wp-content\/uploads\/2021\/11\/sans-glku2.jpg\" alt=\"\" class=\"wp-image-1648\" style=\"width:300px;height:300px\" srcset=\"https:\/\/apaindeloup.fr\/wp-content\/uploads\/2021\/11\/sans-glku2.jpg 400w, https:\/\/apaindeloup.fr\/wp-content\/uploads\/2021\/11\/sans-glku2-300x300.jpg 300w, https:\/\/apaindeloup.fr\/wp-content\/uploads\/2021\/11\/sans-glku2-150x150.jpg 150w\" sizes=\"auto, (max-width: 400px) 100vw, 400px\" \/><\/figure>\n<\/div><\/div>\n\n\n\n<div class=\"wp-block-column is-vertically-aligned-center is-layout-flow wp-block-column-is-layout-flow\" style=\"flex-basis:66.66%\"><style>.wp-block-kadence-advancedheading.kt-adv-heading207_e40035-9c, .wp-block-kadence-advancedheading.kt-adv-heading207_e40035-9c[data-kb-block=\"kb-adv-heading207_e40035-9c\"]{font-weight:400;font-style:normal;font-family:Lobster;}.wp-block-kadence-advancedheading.kt-adv-heading207_e40035-9c mark.kt-highlight, .wp-block-kadence-advancedheading.kt-adv-heading207_e40035-9c[data-kb-block=\"kb-adv-heading207_e40035-9c\"] mark.kt-highlight{font-style:normal;color:#f76a0c;-webkit-box-decoration-break:clone;box-decoration-break:clone;padding-top:0px;padding-right:0px;padding-bottom:0px;padding-left:0px;}.wp-block-kadence-advancedheading.kt-adv-heading207_e40035-9c img.kb-inline-image, .wp-block-kadence-advancedheading.kt-adv-heading207_e40035-9c[data-kb-block=\"kb-adv-heading207_e40035-9c\"] img.kb-inline-image{width:150px;vertical-align:baseline;}<\/style>\n<h3 class=\"kt-adv-heading207_e40035-9c wp-block-kadence-advancedheading\" data-kb-block=\"kb-adv-heading207_e40035-9c\"><strong>Sabl\u00e9s Riz Bergamote<\/strong><\/h3>\n\n\n\n<p style=\"font-size:15px\"><strong><em>Biscuits v\u00e9g\u00e9talien aux farines sans gluten (farine de riz &amp; ma\u00efs), huile essentielle de Bergamote. <br><\/em><\/strong>Vendu au poids ou par sachet de 180g<br>Sabl\u00e9s pauvres en gluten mais riches en go\u00fbt !<br><em>&gt;&gt; Se conservent jusqu&rsquo;\u00e0 2 mois \u00e0 temp\u00e9rature ambiante, <em>\u00e0 l&rsquo;abri du soleil et de l&rsquo;humidit\u00e9.<\/em> <\/em><\/p>\n<\/div>\n<\/div>\n\n\n\n<div class=\"wp-block-columns is-layout-flex wp-container-core-columns-is-layout-9d6595d7 wp-block-columns-is-layout-flex\">\n<div class=\"wp-block-column is-layout-flow wp-block-column-is-layout-flow\" style=\"flex-basis:33.33%\"><div class=\"wp-block-image\">\n<figure class=\"alignright size-full is-resized\"><img loading=\"lazy\" decoding=\"async\" width=\"400\" height=\"400\" src=\"https:\/\/apaindeloup.fr\/wp-content\/uploads\/2021\/08\/croquant-1.jpg\" alt=\"\" class=\"wp-image-972\" style=\"width:300px;height:300px\" srcset=\"https:\/\/apaindeloup.fr\/wp-content\/uploads\/2021\/08\/croquant-1.jpg 400w, https:\/\/apaindeloup.fr\/wp-content\/uploads\/2021\/08\/croquant-1-300x300.jpg 300w, https:\/\/apaindeloup.fr\/wp-content\/uploads\/2021\/08\/croquant-1-150x150.jpg 150w\" sizes=\"auto, (max-width: 400px) 100vw, 400px\" \/><\/figure>\n<\/div><\/div>\n\n\n\n<div class=\"wp-block-column is-vertically-aligned-center is-layout-flow wp-block-column-is-layout-flow\" style=\"flex-basis:66.66%\"><style>.wp-block-kadence-advancedheading.kt-adv-heading207_d95ecb-01, .wp-block-kadence-advancedheading.kt-adv-heading207_d95ecb-01[data-kb-block=\"kb-adv-heading207_d95ecb-01\"]{font-weight:400;font-style:normal;font-family:Lobster;}.wp-block-kadence-advancedheading.kt-adv-heading207_d95ecb-01 mark.kt-highlight, .wp-block-kadence-advancedheading.kt-adv-heading207_d95ecb-01[data-kb-block=\"kb-adv-heading207_d95ecb-01\"] mark.kt-highlight{font-style:normal;color:#f76a0c;-webkit-box-decoration-break:clone;box-decoration-break:clone;padding-top:0px;padding-right:0px;padding-bottom:0px;padding-left:0px;}.wp-block-kadence-advancedheading.kt-adv-heading207_d95ecb-01 img.kb-inline-image, .wp-block-kadence-advancedheading.kt-adv-heading207_d95ecb-01[data-kb-block=\"kb-adv-heading207_d95ecb-01\"] img.kb-inline-image{width:150px;vertical-align:baseline;}<\/style>\n<h3 class=\"kt-adv-heading207_d95ecb-01 wp-block-kadence-advancedheading\" data-kb-block=\"kb-adv-heading207_d95ecb-01\"><strong>Croquant Paysan<\/strong><\/h3>\n\n\n\n<p style=\"font-size:15px\"><strong><em>Biscuit v\u00e9g\u00e9talien aux graines de tournesol, amandes torr\u00e9fi\u00e9es et \u00e9clats de chocolat noir, <em><strong>farine de bl\u00e9 semi compl\u00e8te (plus nutritive que la farine raffin\u00e9e). <\/strong><\/em> <br><\/em><\/strong>Vendu \u00e0 la pi\u00e8ce  ou par sachet de 3 croquants<br>Un cookie croquant terriblement addictif ! sans \u0153uf ni beurre. Il ne s&rsquo;\u00e9miette pas et se transporte facilement !<br><em>&gt;&gt; Se conserve jusqu&rsquo;\u00e0 2 mois \u00e0 temp\u00e9rature ambiante, <em>\u00e0 l&rsquo;abri du soleil et de l&rsquo;humidit\u00e9.<\/em> <\/em><\/p>\n<\/div>\n<\/div>\n\n\n\n<div class=\"wp-block-columns is-layout-flex wp-container-core-columns-is-layout-9d6595d7 wp-block-columns-is-layout-flex\">\n<div class=\"wp-block-column is-layout-flow wp-block-column-is-layout-flow\" style=\"flex-basis:33.33%\"><div class=\"wp-block-image\">\n<figure class=\"alignright size-full is-resized\"><img loading=\"lazy\" decoding=\"async\" width=\"400\" height=\"400\" src=\"https:\/\/apaindeloup.fr\/wp-content\/uploads\/2023\/02\/CHOCOCAROUBES-BIS.jpg\" alt=\"\" class=\"wp-image-2061\" style=\"width:300px;height:300px\" srcset=\"https:\/\/apaindeloup.fr\/wp-content\/uploads\/2023\/02\/CHOCOCAROUBES-BIS.jpg 400w, https:\/\/apaindeloup.fr\/wp-content\/uploads\/2023\/02\/CHOCOCAROUBES-BIS-300x300.jpg 300w, https:\/\/apaindeloup.fr\/wp-content\/uploads\/2023\/02\/CHOCOCAROUBES-BIS-150x150.jpg 150w\" sizes=\"auto, (max-width: 400px) 100vw, 400px\" \/><\/figure>\n<\/div><\/div>\n\n\n\n<div class=\"wp-block-column is-vertically-aligned-center is-layout-flow wp-block-column-is-layout-flow\" style=\"flex-basis:66.66%\"><style>.wp-block-kadence-advancedheading.kt-adv-heading207_e4ce3b-91, .wp-block-kadence-advancedheading.kt-adv-heading207_e4ce3b-91[data-kb-block=\"kb-adv-heading207_e4ce3b-91\"]{font-weight:400;font-style:normal;font-family:Lobster;}.wp-block-kadence-advancedheading.kt-adv-heading207_e4ce3b-91 mark.kt-highlight, .wp-block-kadence-advancedheading.kt-adv-heading207_e4ce3b-91[data-kb-block=\"kb-adv-heading207_e4ce3b-91\"] mark.kt-highlight{font-style:normal;color:#f76a0c;-webkit-box-decoration-break:clone;box-decoration-break:clone;padding-top:0px;padding-right:0px;padding-bottom:0px;padding-left:0px;}.wp-block-kadence-advancedheading.kt-adv-heading207_e4ce3b-91 img.kb-inline-image, .wp-block-kadence-advancedheading.kt-adv-heading207_e4ce3b-91[data-kb-block=\"kb-adv-heading207_e4ce3b-91\"] img.kb-inline-image{width:150px;vertical-align:baseline;}<\/style>\n<h3 class=\"kt-adv-heading207_e4ce3b-91 wp-block-kadence-advancedheading\" data-kb-block=\"kb-adv-heading207_e4ce3b-91\"><strong>Sabl\u00e9s Choco Caroube<\/strong><\/h3>\n\n\n\n<p style=\"font-size:15px\"><em style=\"\"><b>Sabl\u00e9s v\u00e9g\u00e9taliens \u00e0 la poudre de caroube avec de <\/b><\/em><strong><em>d\u00e9licieux \u00e9clats de chocolat noir (commerce \u00e9quitable!), farine de bl\u00e9 semi compl\u00e8te (plus nutritive que la farine raffin\u00e9e).   <br><\/em><\/strong>Vendus au poids ou par sachet de 180g <br>Recette revisit\u00e9e des canestrelli italiens. Le caroube poss\u00e8de une saveur et une texture proche du cacao. La poudre de caroube provient de la gousse du caroubier qui pousse sur les bords de la M\u00e9diterran\u00e9e, permettant une production plus locale que celle du cacao. Elle ne contient pas de caf\u00e9ine, moins de mati\u00e8res grasses que le cacao, mais plus de fibres, de potassium et de calcium. Elle est r\u00e9put\u00e9e aussi pour ses propri\u00e9t\u00e9s hypocholest\u00e9rol\u00e9miantes, hypoglyc\u00e9miantes.<br>&gt;<em>&gt; Se conservent jusqu&rsquo;\u00e0 2 mois \u00e0 temp\u00e9rature ambiante, <em>\u00e0 l&rsquo;abri du soleil et de l&rsquo;humidit\u00e9.<\/em><\/em> <\/p>\n<\/div>\n<\/div>\n\n\n\n<div class=\"wp-block-columns is-layout-flex wp-container-core-columns-is-layout-9d6595d7 wp-block-columns-is-layout-flex\">\n<div class=\"wp-block-column is-layout-flow wp-block-column-is-layout-flow\" style=\"flex-basis:33.33%\"><div class=\"wp-block-image\">\n<figure class=\"alignright size-full is-resized\"><img loading=\"lazy\" decoding=\"async\" width=\"400\" height=\"400\" src=\"https:\/\/apaindeloup.fr\/wp-content\/uploads\/2021\/08\/gaude-1.jpg\" alt=\"\" class=\"wp-image-971\" style=\"width:300px;height:300px\" srcset=\"https:\/\/apaindeloup.fr\/wp-content\/uploads\/2021\/08\/gaude-1.jpg 400w, https:\/\/apaindeloup.fr\/wp-content\/uploads\/2021\/08\/gaude-1-300x300.jpg 300w, https:\/\/apaindeloup.fr\/wp-content\/uploads\/2021\/08\/gaude-1-150x150.jpg 150w\" sizes=\"auto, (max-width: 400px) 100vw, 400px\" \/><\/figure>\n<\/div><\/div>\n\n\n\n<div class=\"wp-block-column is-vertically-aligned-center is-layout-flow wp-block-column-is-layout-flow\" style=\"flex-basis:66.66%\"><style>.wp-block-kadence-advancedheading.kt-adv-heading207_7519ff-df, .wp-block-kadence-advancedheading.kt-adv-heading207_7519ff-df[data-kb-block=\"kb-adv-heading207_7519ff-df\"]{font-weight:400;font-style:normal;font-family:Lobster;}.wp-block-kadence-advancedheading.kt-adv-heading207_7519ff-df mark.kt-highlight, .wp-block-kadence-advancedheading.kt-adv-heading207_7519ff-df[data-kb-block=\"kb-adv-heading207_7519ff-df\"] mark.kt-highlight{font-style:normal;color:#f76a0c;-webkit-box-decoration-break:clone;box-decoration-break:clone;padding-top:0px;padding-right:0px;padding-bottom:0px;padding-left:0px;}.wp-block-kadence-advancedheading.kt-adv-heading207_7519ff-df img.kb-inline-image, .wp-block-kadence-advancedheading.kt-adv-heading207_7519ff-df[data-kb-block=\"kb-adv-heading207_7519ff-df\"] img.kb-inline-image{width:150px;vertical-align:baseline;}<\/style>\n<h3 class=\"kt-adv-heading207_7519ff-df wp-block-kadence-advancedheading\" data-kb-block=\"kb-adv-heading207_7519ff-df\"><strong>Sabl\u00e9zains <\/strong><\/h3>\n\n\n\n<p style=\"font-size:15px\"><strong><em>Sabl\u00e9s v\u00e9g\u00e9taliens \u00e0 la farine de gaude typique de l&rsquo;Ain (24%) et <em><strong>farine de bl\u00e9 semi compl\u00e8te (plus nutritive que la farine raffin\u00e9e). <\/strong><\/em> <br><\/em><\/strong>Vendus au poids ou par sachet de 180g <br>Recette revisit\u00e9e des canestrelli italiens. La farine de gaude est une farine de ma\u00efs torr\u00e9fi\u00e9s typique du paysage culinaire de l&rsquo;Ain. Elle donne un savoureux petit go\u00fbt de cornflakes au biscuit ! Cette recette originale a \u00e9t\u00e9 labellis\u00e9e <strong><a href=\"https:\/\/www.ain-tourisme.com\/saveurs-de-l-ain\/\" target=\"_blank\" rel=\"noreferrer noopener\">Saveur de l&rsquo;Ain<\/a><\/strong>.<br><em>&gt;&gt; Se conservent jusqu&rsquo;\u00e0 2 mois \u00e0 temp\u00e9rature ambiante, <em>\u00e0 l&rsquo;abri du soleil et de l&rsquo;humidit\u00e9.<\/em> <\/em><\/p>\n<\/div>\n<\/div>\n\n\n\n<div class=\"wp-block-columns is-layout-flex wp-container-core-columns-is-layout-9d6595d7 wp-block-columns-is-layout-flex\">\n<div class=\"wp-block-column is-layout-flow wp-block-column-is-layout-flow\" style=\"flex-basis:33.33%\"><div class=\"wp-block-image\">\n<figure class=\"alignright size-full is-resized\"><img loading=\"lazy\" decoding=\"async\" width=\"400\" height=\"400\" src=\"https:\/\/apaindeloup.fr\/wp-content\/uploads\/2025\/10\/belleysans.jpg\" alt=\"\" class=\"wp-image-2315\" style=\"width:300px;height:300px\" srcset=\"https:\/\/apaindeloup.fr\/wp-content\/uploads\/2025\/10\/belleysans.jpg 400w, https:\/\/apaindeloup.fr\/wp-content\/uploads\/2025\/10\/belleysans-300x300.jpg 300w, https:\/\/apaindeloup.fr\/wp-content\/uploads\/2025\/10\/belleysans-150x150.jpg 150w\" sizes=\"auto, (max-width: 400px) 100vw, 400px\" \/><\/figure>\n<\/div><\/div>\n\n\n\n<div class=\"wp-block-column is-vertically-aligned-center is-layout-flow wp-block-column-is-layout-flow\" style=\"flex-basis:66.66%\"><style>.wp-block-kadence-advancedheading.kt-adv-heading207_796cc6-0b, .wp-block-kadence-advancedheading.kt-adv-heading207_796cc6-0b[data-kb-block=\"kb-adv-heading207_796cc6-0b\"]{font-weight:400;font-style:normal;font-family:Lobster;}.wp-block-kadence-advancedheading.kt-adv-heading207_796cc6-0b mark.kt-highlight, .wp-block-kadence-advancedheading.kt-adv-heading207_796cc6-0b[data-kb-block=\"kb-adv-heading207_796cc6-0b\"] mark.kt-highlight{font-style:normal;color:#f76a0c;-webkit-box-decoration-break:clone;box-decoration-break:clone;padding-top:0px;padding-right:0px;padding-bottom:0px;padding-left:0px;}.wp-block-kadence-advancedheading.kt-adv-heading207_796cc6-0b img.kb-inline-image, .wp-block-kadence-advancedheading.kt-adv-heading207_796cc6-0b[data-kb-block=\"kb-adv-heading207_796cc6-0b\"] img.kb-inline-image{width:150px;vertical-align:baseline;}<\/style>\n<h3 class=\"kt-adv-heading207_796cc6-0b wp-block-kadence-advancedheading\" data-kb-block=\"kb-adv-heading207_796cc6-0b\"><strong>Les Sabl\u00e9s Belleysans<\/strong><\/h3>\n\n\n\n<p style=\"font-size:15px\"><strong><em>Sabl\u00e9s v\u00e9g\u00e9taliens \u00e0 la farine de petit \u00e9peautre (7<\/em>5%) et jus de raisin rouge <em><em><strong>. <\/strong><\/em> <br><\/em><\/strong>Vendus au poids ou par sachet de 3 <br>Ces biscuits ont un petit gout qui se rapproche du sp\u00e9culos, en moins sucr\u00e9 et sans les \u00e9pices! il a \u00e9t\u00e9 d\u00e9velopp\u00e9 en partenariat avec l&rsquo;association <a href=\"https:\/\/www.facebook.com\/belleyacoeur\/\" target=\"_blank\" rel=\"noreferrer noopener\">Belley \u00e0 Coeur<\/a> pour valoriser le patrimoine du Bugey. Le biscuit a donc une forme de t\u00eate de louve, si caract\u00e9ristique de la ville de Belley!<br><em>&gt;&gt; Se conservent jusqu&rsquo;\u00e0 2 mois \u00e0 temp\u00e9rature ambiante, <em>\u00e0 l&rsquo;abri du soleil et de l&rsquo;humidit\u00e9.<\/em> <\/em><\/p>\n<\/div>\n<\/div>\n\n\n\n<div class=\"wp-block-columns is-layout-flex wp-container-core-columns-is-layout-9d6595d7 wp-block-columns-is-layout-flex\">\n<div class=\"wp-block-column is-layout-flow wp-block-column-is-layout-flow\" style=\"flex-basis:33.33%\"><div class=\"wp-block-image\">\n<figure class=\"alignright size-full is-resized\"><img loading=\"lazy\" decoding=\"async\" width=\"400\" height=\"400\" src=\"https:\/\/apaindeloup.fr\/wp-content\/uploads\/2025\/10\/ptit-lulu.jpg\" alt=\"\" class=\"wp-image-2316\" style=\"width:300px;height:300px\" srcset=\"https:\/\/apaindeloup.fr\/wp-content\/uploads\/2025\/10\/ptit-lulu.jpg 400w, https:\/\/apaindeloup.fr\/wp-content\/uploads\/2025\/10\/ptit-lulu-300x300.jpg 300w, https:\/\/apaindeloup.fr\/wp-content\/uploads\/2025\/10\/ptit-lulu-150x150.jpg 150w\" sizes=\"auto, (max-width: 400px) 100vw, 400px\" \/><\/figure>\n<\/div><\/div>\n\n\n\n<div class=\"wp-block-column is-vertically-aligned-center is-layout-flow wp-block-column-is-layout-flow\" style=\"flex-basis:66.66%\"><style>.wp-block-kadence-advancedheading.kt-adv-heading207_808226-30, .wp-block-kadence-advancedheading.kt-adv-heading207_808226-30[data-kb-block=\"kb-adv-heading207_808226-30\"]{font-weight:400;font-style:normal;font-family:Lobster;}.wp-block-kadence-advancedheading.kt-adv-heading207_808226-30 mark.kt-highlight, .wp-block-kadence-advancedheading.kt-adv-heading207_808226-30[data-kb-block=\"kb-adv-heading207_808226-30\"] mark.kt-highlight{font-style:normal;color:#f76a0c;-webkit-box-decoration-break:clone;box-decoration-break:clone;padding-top:0px;padding-right:0px;padding-bottom:0px;padding-left:0px;}.wp-block-kadence-advancedheading.kt-adv-heading207_808226-30 img.kb-inline-image, .wp-block-kadence-advancedheading.kt-adv-heading207_808226-30[data-kb-block=\"kb-adv-heading207_808226-30\"] img.kb-inline-image{width:150px;vertical-align:baseline;}<\/style>\n<h3 class=\"kt-adv-heading207_808226-30 wp-block-kadence-advancedheading\" data-kb-block=\"kb-adv-heading207_808226-30\"><strong>Le Petit Lulu<\/strong><\/h3>\n\n\n\n<p style=\"font-size:15px\"><strong><em>Sabl\u00e9s v\u00e9g\u00e9taliens \u00e0 la farine bl\u00e9 T80, et riz (30%) au miel de ch\u00e2taignier d&rsquo;Is\u00e8re<\/em> <em><em><strong>. <\/strong><\/em> <br><\/em><\/strong>Vendus au poids <br><br><em>>> Se conservent jusqu&rsquo;\u00e0 2 mois \u00e0 temp\u00e9rature ambiante, <em>\u00e0 l&rsquo;abri du soleil et de l&rsquo;humidit\u00e9.<\/em> <\/em><\/p>\n<\/div>\n<\/div>\n\n\n<style>.wp-block-kadence-spacer.kt-block-spacer-207_cd6d2a-fd .kt-block-spacer{height:30px;}.wp-block-kadence-spacer.kt-block-spacer-207_cd6d2a-fd .kt-divider{border-top-width:1px;height:1px;border-top-color:#eee;width:80%;border-top-style:solid;}<\/style>\n<div class=\"wp-block-kadence-spacer aligncenter kt-block-spacer-207_cd6d2a-fd\"><div class=\"kt-block-spacer kt-block-spacer-halign-center\"><hr class=\"kt-divider\"\/><\/div><\/div>\n\n\n\n<div class=\"wp-block-columns is-layout-flex wp-container-core-columns-is-layout-9d6595d7 wp-block-columns-is-layout-flex\">\n<div class=\"wp-block-column is-layout-flow wp-block-column-is-layout-flow\" style=\"flex-basis:33.33%\"><div class=\"wp-block-image\">\n<figure class=\"alignright size-full is-resized\"><img loading=\"lazy\" decoding=\"async\" width=\"400\" height=\"400\" src=\"https:\/\/apaindeloup.fr\/wp-content\/uploads\/2021\/08\/crackers.jpg\" alt=\"\" class=\"wp-image-976\" style=\"width:300px;height:300px\" srcset=\"https:\/\/apaindeloup.fr\/wp-content\/uploads\/2021\/08\/crackers.jpg 400w, https:\/\/apaindeloup.fr\/wp-content\/uploads\/2021\/08\/crackers-300x300.jpg 300w, https:\/\/apaindeloup.fr\/wp-content\/uploads\/2021\/08\/crackers-150x150.jpg 150w\" sizes=\"auto, (max-width: 400px) 100vw, 400px\" \/><\/figure>\n<\/div><\/div>\n\n\n\n<div class=\"wp-block-column is-vertically-aligned-center is-layout-flow wp-block-column-is-layout-flow\" style=\"flex-basis:66.66%\"><style>.wp-block-kadence-advancedheading.kt-adv-heading207_76dcf6-1b, .wp-block-kadence-advancedheading.kt-adv-heading207_76dcf6-1b[data-kb-block=\"kb-adv-heading207_76dcf6-1b\"]{font-weight:400;font-style:normal;font-family:Lobster;}.wp-block-kadence-advancedheading.kt-adv-heading207_76dcf6-1b mark.kt-highlight, .wp-block-kadence-advancedheading.kt-adv-heading207_76dcf6-1b[data-kb-block=\"kb-adv-heading207_76dcf6-1b\"] mark.kt-highlight{font-style:normal;color:#f76a0c;-webkit-box-decoration-break:clone;box-decoration-break:clone;padding-top:0px;padding-right:0px;padding-bottom:0px;padding-left:0px;}.wp-block-kadence-advancedheading.kt-adv-heading207_76dcf6-1b img.kb-inline-image, .wp-block-kadence-advancedheading.kt-adv-heading207_76dcf6-1b[data-kb-block=\"kb-adv-heading207_76dcf6-1b\"] img.kb-inline-image{width:150px;vertical-align:baseline;}<\/style>\n<h3 class=\"kt-adv-heading207_76dcf6-1b wp-block-kadence-advancedheading\" data-kb-block=\"kb-adv-heading207_76dcf6-1b\"><strong>Crackers aux Graines<\/strong><\/h3>\n\n\n\n<p style=\"font-size:15px\"><strong><em>Crackers v\u00e9g\u00e9taliens au levain de seigle, graines de tournesol, de courges, de millet, flocons d&rsquo;avoines et feuilles de sarriette, et<em><strong> avec de la farine de bl\u00e9 semi compl\u00e8te (plus nutritive que la farine raffin\u00e9e) et de l&rsquo;huile d&rsquo;olive. <\/strong><\/em> <br><\/em><\/strong>Vendus au poids ou par sachet de 180g <br>La sarriette est connue pour facilit\u00e9 la digestion. Ces petits biscuits sont donc id\u00e9al pour l&rsquo;ap\u00e9ro ! A tartiner, \u00e0 tremper, \u00e0 grignoter ou \u00e0 emporter sur les chemins de randonn\u00e9e !<br><em>&gt;&gt; Se conservent jusqu&rsquo;\u00e0 2 mois \u00e0 temp\u00e9rature ambiante, <em>\u00e0 l&rsquo;abri du soleil et de l&rsquo;humidit\u00e9.<\/em>  <\/em><\/p>\n<\/div>\n<\/div>\n\n\n\n<div class=\"wp-block-columns is-layout-flex wp-container-core-columns-is-layout-9d6595d7 wp-block-columns-is-layout-flex\">\n<div class=\"wp-block-column is-layout-flow wp-block-column-is-layout-flow\" style=\"flex-basis:33.33%\"><div class=\"wp-block-image\">\n<figure class=\"alignright size-full is-resized\"><img loading=\"lazy\" decoding=\"async\" width=\"400\" height=\"400\" src=\"https:\/\/apaindeloup.fr\/wp-content\/uploads\/2023\/03\/crackersain.jpg\" alt=\"\" class=\"wp-image-2107\" style=\"width:300px;height:300px\" srcset=\"https:\/\/apaindeloup.fr\/wp-content\/uploads\/2023\/03\/crackersain.jpg 400w, https:\/\/apaindeloup.fr\/wp-content\/uploads\/2023\/03\/crackersain-300x300.jpg 300w, https:\/\/apaindeloup.fr\/wp-content\/uploads\/2023\/03\/crackersain-150x150.jpg 150w\" sizes=\"auto, (max-width: 400px) 100vw, 400px\" \/><\/figure>\n<\/div><\/div>\n\n\n\n<div class=\"wp-block-column is-vertically-aligned-center is-layout-flow wp-block-column-is-layout-flow\" style=\"flex-basis:66.66%\"><style>.wp-block-kadence-advancedheading.kt-adv-heading207_067ebe-e0, .wp-block-kadence-advancedheading.kt-adv-heading207_067ebe-e0[data-kb-block=\"kb-adv-heading207_067ebe-e0\"]{font-weight:400;font-style:normal;font-family:Lobster;}.wp-block-kadence-advancedheading.kt-adv-heading207_067ebe-e0 mark.kt-highlight, .wp-block-kadence-advancedheading.kt-adv-heading207_067ebe-e0[data-kb-block=\"kb-adv-heading207_067ebe-e0\"] mark.kt-highlight{font-style:normal;color:#f76a0c;-webkit-box-decoration-break:clone;box-decoration-break:clone;padding-top:0px;padding-right:0px;padding-bottom:0px;padding-left:0px;}.wp-block-kadence-advancedheading.kt-adv-heading207_067ebe-e0 img.kb-inline-image, .wp-block-kadence-advancedheading.kt-adv-heading207_067ebe-e0[data-kb-block=\"kb-adv-heading207_067ebe-e0\"] img.kb-inline-image{width:150px;vertical-align:baseline;}<\/style>\n<h3 class=\"kt-adv-heading207_067ebe-e0 wp-block-kadence-advancedheading\" data-kb-block=\"kb-adv-heading207_067ebe-e0\"><strong>Crackers au Fromage<\/strong><\/h3>\n\n\n\n<p style=\"font-size:15px\"><strong><em>Crackers au levain de seigle, graines de tournesol, de courges, de millet, flocons d&rsquo;avoines et comt\u00e9 du Valromey (10%) ET farine de gaude (30%),<em><strong> avec de la farine de bl\u00e9 semi compl\u00e8te (plus nutritive que la farine raffin\u00e9e: 70%). <\/strong><\/em> <br><\/em><\/strong>Vendus au poids <br>La farine de gaude donne sa couleur orang\u00e9e au crackers et des ar\u00f4mes de ma\u00efs torr\u00e9fi\u00e9, c&rsquo;est une farine typique de l&rsquo;Ain ! Ce savoureux m\u00e9lange d&rsquo;ar\u00f4mes est \u00e0 tester sans attendre pour l&rsquo;ap\u00e9ro ! A tartiner, \u00e0 tremper, \u00e0 grignoter ou \u00e0 emporter sur les chemins de randonn\u00e9e ! Produit labellis\u00e9 Saveurs de l&rsquo;Ain.<br><em>>> Se conservent jusqu&rsquo;\u00e0 2 mois \u00e0 temp\u00e9rature ambiante, <em>\u00e0 l&rsquo;abri du soleil et de l&rsquo;humidit\u00e9.<\/em>  <\/em><\/p>\n<\/div>\n<\/div>\n\n\n\n<div class=\"wp-block-columns is-layout-flex wp-container-core-columns-is-layout-9d6595d7 wp-block-columns-is-layout-flex\">\n<div class=\"wp-block-column is-layout-flow wp-block-column-is-layout-flow\" style=\"flex-basis:33.33%\"><div class=\"wp-block-image\">\n<figure class=\"alignright size-full is-resized\"><img loading=\"lazy\" decoding=\"async\" width=\"400\" height=\"400\" src=\"https:\/\/apaindeloup.fr\/wp-content\/uploads\/2025\/10\/crackers-curry-6666f7b21dbb3.jpg\" alt=\"\" class=\"wp-image-2317\" style=\"width:300px;height:300px\" srcset=\"https:\/\/apaindeloup.fr\/wp-content\/uploads\/2025\/10\/crackers-curry-6666f7b21dbb3.jpg 400w, https:\/\/apaindeloup.fr\/wp-content\/uploads\/2025\/10\/crackers-curry-6666f7b21dbb3-300x300.jpg 300w, https:\/\/apaindeloup.fr\/wp-content\/uploads\/2025\/10\/crackers-curry-6666f7b21dbb3-150x150.jpg 150w\" sizes=\"auto, (max-width: 400px) 100vw, 400px\" \/><\/figure>\n<\/div><\/div>\n\n\n\n<div class=\"wp-block-column is-vertically-aligned-center is-layout-flow wp-block-column-is-layout-flow\" style=\"flex-basis:66.66%\"><style>.wp-block-kadence-advancedheading.kt-adv-heading207_b06bec-24, .wp-block-kadence-advancedheading.kt-adv-heading207_b06bec-24[data-kb-block=\"kb-adv-heading207_b06bec-24\"]{font-weight:400;font-style:normal;font-family:Lobster;}.wp-block-kadence-advancedheading.kt-adv-heading207_b06bec-24 mark.kt-highlight, .wp-block-kadence-advancedheading.kt-adv-heading207_b06bec-24[data-kb-block=\"kb-adv-heading207_b06bec-24\"] mark.kt-highlight{font-style:normal;color:#f76a0c;-webkit-box-decoration-break:clone;box-decoration-break:clone;padding-top:0px;padding-right:0px;padding-bottom:0px;padding-left:0px;}.wp-block-kadence-advancedheading.kt-adv-heading207_b06bec-24 img.kb-inline-image, .wp-block-kadence-advancedheading.kt-adv-heading207_b06bec-24[data-kb-block=\"kb-adv-heading207_b06bec-24\"] img.kb-inline-image{width:150px;vertical-align:baseline;}<\/style>\n<h3 class=\"kt-adv-heading207_b06bec-24 wp-block-kadence-advancedheading\" data-kb-block=\"kb-adv-heading207_b06bec-24\"><strong>Crackers Curry<\/strong><\/h3>\n\n\n\n<p style=\"font-size:15px\"><strong><em>Crackers au levain de seigle, flocons d&rsquo;avoines et farine de bl\u00e9, avec une pointe de curry<\/em><\/strong><\/p>\n\n\n\n<p style=\"font-size:15px\">Plus fin que le crackers graines et le crackers fromage<strong><em><br><\/em><\/strong>Vendus au poids <br><br><em>>> Se conservent jusqu&rsquo;\u00e0 2 mois \u00e0 temp\u00e9rature ambiante, <em>\u00e0 l&rsquo;abri du soleil et de l&rsquo;humidit\u00e9.<\/em>  <\/em><\/p>\n<\/div>\n<\/div>\n\n\n\n<div class=\"wp-block-buttons is-horizontal is-content-justification-center is-layout-flex wp-container-core-buttons-is-layout-499968f5 wp-block-buttons-is-layout-flex\">\n<div class=\"wp-block-button\"><a class=\"wp-block-button__link has-text-color wp-element-button\" href=\"https:\/\/producteurs.souke.fr\/apaindeloup\" style=\"color:#f7d955\" target=\"_blank\" rel=\"noreferrer noopener\"><strong>PASSER COMMANDE<\/strong><\/a><\/div>\n<\/div>\n\n\n\n<div class=\"wp-block-columns is-layout-flex wp-container-core-columns-is-layout-9d6595d7 wp-block-columns-is-layout-flex\">\n<div class=\"wp-block-column is-layout-flow wp-block-column-is-layout-flow\">\n<hr class=\"wp-block-separator has-css-opacity is-style-wide\"\/>\n<\/div>\n<\/div>\n\n\n<style>.wp-block-kadence-advancedheading.kt-adv-heading207_dba29f-77, .wp-block-kadence-advancedheading.kt-adv-heading207_dba29f-77[data-kb-block=\"kb-adv-heading207_dba29f-77\"]{text-align:left;font-weight:400;font-style:normal;font-family:'Nerko One';color:#333333;}.wp-block-kadence-advancedheading.kt-adv-heading207_dba29f-77 mark.kt-highlight, .wp-block-kadence-advancedheading.kt-adv-heading207_dba29f-77[data-kb-block=\"kb-adv-heading207_dba29f-77\"] mark.kt-highlight{font-style:normal;color:#f76a0c;-webkit-box-decoration-break:clone;box-decoration-break:clone;padding-top:0px;padding-right:0px;padding-bottom:0px;padding-left:0px;}.wp-block-kadence-advancedheading.kt-adv-heading207_dba29f-77 img.kb-inline-image, .wp-block-kadence-advancedheading.kt-adv-heading207_dba29f-77[data-kb-block=\"kb-adv-heading207_dba29f-77\"] img.kb-inline-image{width:150px;vertical-align:baseline;}<\/style>\n<h1 class=\"kt-adv-heading207_dba29f-77 wp-block-kadence-advancedheading\" data-kb-block=\"kb-adv-heading207_dba29f-77\"><strong>TABLEAUX NUTRITIONNELS<\/strong><\/h1>\n\n\n<style>.wp-block-kadence-spacer.kt-block-spacer-207_5a77af-a8 .kt-block-spacer{height:60px;}.wp-block-kadence-spacer.kt-block-spacer-207_5a77af-a8 .kt-divider{border-top-width:1px;height:1px;border-top-color:#eee;width:80%;border-top-style:solid;}<\/style>\n<div class=\"wp-block-kadence-spacer aligncenter kt-block-spacer-207_5a77af-a8\"><div class=\"kt-block-spacer kt-block-spacer-halign-center\"><hr class=\"kt-divider\"\/><\/div><\/div>\n\n\n<style>.kb-gallery-id-207_4270a9-d8.kb-gallery-ul.kb-gallery-type-fluidcarousel .kt-blocks-carousel figure .kb-gal-image-radius, .kb-gallery-id-207_4270a9-d8.kb-gallery-ul.kb-gallery-type-fluidcarousel .kt-blocks-carousel figure .kb-gal-image-radius img{height:300px;}.kb-gallery-id-207_4270a9-d8 .kadence-blocks-gallery-item .kb-gal-image-radius, .kb-gallery-id-207_4270a9-d8 .kb-slide-item .kb-gal-image-radius img{border-radius:0px 0px 0px 0px;;}.kb-gallery-wrap-id-207_4270a9-d8.wp-block-kadence-advancedgallery{overflow:visible;}.kb-gallery-wrap-id-207_4270a9-d8.wp-block-kadence-advancedgallery .kt-blocks-carousel{overflow:visible;max-width:100%;}<\/style><div class=\"kb-gallery-wrap-id-207_4270a9-d8 alignnone wp-block-kadence-advancedgallery\"><div class=\"kb-gallery-ul kb-gallery-non-static kb-gallery-type-fluidcarousel kb-gallery-id-207_4270a9-d8 kb-gallery-caption-style-bottom-hover kb-gallery-filter-none\" data-image-filter=\"none\" data-lightbox-caption=\"true\"><div class=\"kt-blocks-carousel splide kt-carousel-container-dotstyle-dark kt-carousel-arrowstyle-whiteondark kt-carousel-dotstyle-dark kb-slider-group-arrow kb-slider-arrow-position-center\" data-slider-anim-speed=\"400\" data-slider-scroll=\"1\" data-slider-arrows=\"true\" data-slider-dots=\"true\" data-slider-hover-pause=\"false\" data-slider-auto=\"\" data-slider-speed=\"7000\" data-slider-type=\"fluidcarousel\" data-slider-center-mode=\"true\" data-slider-gap=\"10px\" data-slider-gap-tablet=\"10px\" data-slider-gap-mobile=\"10px\" data-show-pause-button=\"false\"><div class=\"splide__track\"><ul class=\"kt-blocks-carousel-init kb-blocks-fluid-carousel splide__list\"><li class=\"kb-slide-item kb-gallery-carousel-item splide__slide\"><div class=\"kadence-blocks-gallery-item\"><div class=\"kadence-blocks-gallery-item-inner\"><figure class=\"kb-gallery-figure kadence-blocks-gallery-item-hide-caption\"><div class=\"kb-gal-image-radius\"><div class=\"kb-gallery-image-contain\" ><img loading=\"lazy\" decoding=\"async\" src=\"https:\/\/apaindeloup.fr\/wp-content\/uploads\/2021\/11\/crackers.png\" width=\"597\" height=\"598\" alt=\"\" data-full-image=\"https:\/\/apaindeloup.fr\/wp-content\/uploads\/2021\/11\/crackers.png\" data-light-image=\"https:\/\/apaindeloup.fr\/wp-content\/uploads\/2021\/11\/crackers.png\" data-id=\"1599\" class=\"wp-image-1599 skip-lazy\" srcset=\"https:\/\/apaindeloup.fr\/wp-content\/uploads\/2021\/11\/crackers.png 597w, https:\/\/apaindeloup.fr\/wp-content\/uploads\/2021\/11\/crackers-300x300.png 300w, https:\/\/apaindeloup.fr\/wp-content\/uploads\/2021\/11\/crackers-150x150.png 150w\" sizes=\"auto, (max-width: 597px) 100vw, 597px\" \/><\/div><\/div><\/figure><\/div><\/div><\/li><li class=\"kb-slide-item kb-gallery-carousel-item splide__slide\"><div class=\"kadence-blocks-gallery-item\"><div class=\"kadence-blocks-gallery-item-inner\"><figure class=\"kb-gallery-figure kadence-blocks-gallery-item-hide-caption\"><div class=\"kb-gal-image-radius\"><div class=\"kb-gallery-image-contain\" ><img loading=\"lazy\" decoding=\"async\" src=\"https:\/\/apaindeloup.fr\/wp-content\/uploads\/2021\/08\/tab9.jpg\" width=\"595\" height=\"598\" alt=\"\" data-full-image=\"https:\/\/apaindeloup.fr\/wp-content\/uploads\/2021\/08\/tab9.jpg\" data-light-image=\"https:\/\/apaindeloup.fr\/wp-content\/uploads\/2021\/08\/tab9.jpg\" data-id=\"964\" class=\"wp-image-964 skip-lazy\" srcset=\"https:\/\/apaindeloup.fr\/wp-content\/uploads\/2021\/08\/tab9.jpg 595w, https:\/\/apaindeloup.fr\/wp-content\/uploads\/2021\/08\/tab9-298x300.jpg 298w, https:\/\/apaindeloup.fr\/wp-content\/uploads\/2021\/08\/tab9-150x150.jpg 150w\" sizes=\"auto, (max-width: 595px) 100vw, 595px\" \/><\/div><\/div><\/figure><\/div><\/div><\/li><li class=\"kb-slide-item kb-gallery-carousel-item splide__slide\"><div class=\"kadence-blocks-gallery-item\"><div class=\"kadence-blocks-gallery-item-inner\"><figure class=\"kb-gallery-figure kadence-blocks-gallery-item-hide-caption\"><div class=\"kb-gal-image-radius\"><div class=\"kb-gallery-image-contain\" ><img loading=\"lazy\" decoding=\"async\" src=\"https:\/\/apaindeloup.fr\/wp-content\/uploads\/2021\/09\/patte-de-loup.png\" width=\"592\" height=\"597\" alt=\"\" data-full-image=\"https:\/\/apaindeloup.fr\/wp-content\/uploads\/2021\/09\/patte-de-loup.png\" data-light-image=\"https:\/\/apaindeloup.fr\/wp-content\/uploads\/2021\/09\/patte-de-loup.png\" data-id=\"1525\" class=\"wp-image-1525 skip-lazy\" srcset=\"https:\/\/apaindeloup.fr\/wp-content\/uploads\/2021\/09\/patte-de-loup.png 592w, https:\/\/apaindeloup.fr\/wp-content\/uploads\/2021\/09\/patte-de-loup-297x300.png 297w, https:\/\/apaindeloup.fr\/wp-content\/uploads\/2021\/09\/patte-de-loup-150x150.png 150w\" sizes=\"auto, (max-width: 592px) 100vw, 592px\" \/><\/div><\/div><\/figure><\/div><\/div><\/li><li class=\"kb-slide-item kb-gallery-carousel-item splide__slide\"><div class=\"kadence-blocks-gallery-item\"><div class=\"kadence-blocks-gallery-item-inner\"><figure class=\"kb-gallery-figure kadence-blocks-gallery-item-hide-caption\"><div class=\"kb-gal-image-radius\"><div class=\"kb-gallery-image-contain\" ><img loading=\"lazy\" decoding=\"async\" src=\"https:\/\/apaindeloup.fr\/wp-content\/uploads\/2021\/11\/barre-caroube.png\" width=\"595\" height=\"594\" alt=\"\" data-full-image=\"https:\/\/apaindeloup.fr\/wp-content\/uploads\/2021\/11\/barre-caroube.png\" data-light-image=\"https:\/\/apaindeloup.fr\/wp-content\/uploads\/2021\/11\/barre-caroube.png\" data-id=\"1597\" class=\"wp-image-1597 skip-lazy\" srcset=\"https:\/\/apaindeloup.fr\/wp-content\/uploads\/2021\/11\/barre-caroube.png 595w, https:\/\/apaindeloup.fr\/wp-content\/uploads\/2021\/11\/barre-caroube-300x300.png 300w, https:\/\/apaindeloup.fr\/wp-content\/uploads\/2021\/11\/barre-caroube-150x150.png 150w\" sizes=\"auto, (max-width: 595px) 100vw, 595px\" \/><\/div><\/div><\/figure><\/div><\/div><\/li><li class=\"kb-slide-item kb-gallery-carousel-item splide__slide\"><div class=\"kadence-blocks-gallery-item\"><div class=\"kadence-blocks-gallery-item-inner\"><figure class=\"kb-gallery-figure kadence-blocks-gallery-item-hide-caption\"><div class=\"kb-gal-image-radius\"><div class=\"kb-gallery-image-contain\" ><img loading=\"lazy\" decoding=\"async\" src=\"https:\/\/apaindeloup.fr\/wp-content\/uploads\/2021\/11\/barre-graines.png\" width=\"596\" height=\"600\" alt=\"\" data-full-image=\"https:\/\/apaindeloup.fr\/wp-content\/uploads\/2021\/11\/barre-graines.png\" data-light-image=\"https:\/\/apaindeloup.fr\/wp-content\/uploads\/2021\/11\/barre-graines.png\" data-id=\"1598\" class=\"wp-image-1598 skip-lazy\" srcset=\"https:\/\/apaindeloup.fr\/wp-content\/uploads\/2021\/11\/barre-graines.png 596w, https:\/\/apaindeloup.fr\/wp-content\/uploads\/2021\/11\/barre-graines-298x300.png 298w, https:\/\/apaindeloup.fr\/wp-content\/uploads\/2021\/11\/barre-graines-150x150.png 150w\" sizes=\"auto, (max-width: 596px) 100vw, 596px\" \/><\/div><\/div><\/figure><\/div><\/div><\/li><li class=\"kb-slide-item kb-gallery-carousel-item splide__slide\"><div class=\"kadence-blocks-gallery-item\"><div class=\"kadence-blocks-gallery-item-inner\"><figure class=\"kb-gallery-figure kadence-blocks-gallery-item-hide-caption\"><div class=\"kb-gal-image-radius\"><div class=\"kb-gallery-image-contain\" ><img loading=\"lazy\" decoding=\"async\" src=\"https:\/\/apaindeloup.fr\/wp-content\/uploads\/2021\/08\/tab2.jpg\" width=\"598\" height=\"597\" alt=\"\" data-full-image=\"https:\/\/apaindeloup.fr\/wp-content\/uploads\/2021\/08\/tab2.jpg\" data-light-image=\"https:\/\/apaindeloup.fr\/wp-content\/uploads\/2021\/08\/tab2.jpg\" data-id=\"957\" class=\"wp-image-957 skip-lazy\" srcset=\"https:\/\/apaindeloup.fr\/wp-content\/uploads\/2021\/08\/tab2.jpg 598w, https:\/\/apaindeloup.fr\/wp-content\/uploads\/2021\/08\/tab2-300x300.jpg 300w, https:\/\/apaindeloup.fr\/wp-content\/uploads\/2021\/08\/tab2-150x150.jpg 150w\" sizes=\"auto, (max-width: 598px) 100vw, 598px\" \/><\/div><\/div><\/figure><\/div><\/div><\/li><li class=\"kb-slide-item kb-gallery-carousel-item splide__slide\"><div class=\"kadence-blocks-gallery-item\"><div class=\"kadence-blocks-gallery-item-inner\"><figure class=\"kb-gallery-figure kadence-blocks-gallery-item-hide-caption\"><div class=\"kb-gal-image-radius\"><div class=\"kb-gallery-image-contain\" ><img loading=\"lazy\" decoding=\"async\" src=\"https:\/\/apaindeloup.fr\/wp-content\/uploads\/2021\/11\/croquant.png\" width=\"602\" height=\"600\" alt=\"\" data-full-image=\"https:\/\/apaindeloup.fr\/wp-content\/uploads\/2021\/11\/croquant.png\" data-light-image=\"https:\/\/apaindeloup.fr\/wp-content\/uploads\/2021\/11\/croquant.png\" data-id=\"1600\" class=\"wp-image-1600 skip-lazy\" srcset=\"https:\/\/apaindeloup.fr\/wp-content\/uploads\/2021\/11\/croquant.png 602w, https:\/\/apaindeloup.fr\/wp-content\/uploads\/2021\/11\/croquant-300x300.png 300w, https:\/\/apaindeloup.fr\/wp-content\/uploads\/2021\/11\/croquant-150x150.png 150w\" sizes=\"auto, (max-width: 602px) 100vw, 602px\" \/><\/div><\/div><\/figure><\/div><\/div><\/li><li class=\"kb-slide-item kb-gallery-carousel-item splide__slide\"><div class=\"kadence-blocks-gallery-item\"><div class=\"kadence-blocks-gallery-item-inner\"><figure class=\"kb-gallery-figure kadence-blocks-gallery-item-hide-caption\"><div class=\"kb-gal-image-radius\"><div class=\"kb-gallery-image-contain\" ><img loading=\"lazy\" decoding=\"async\" src=\"https:\/\/apaindeloup.fr\/wp-content\/uploads\/2022\/02\/sable-caroube.png\" width=\"374\" height=\"372\" alt=\"\" data-full-image=\"https:\/\/apaindeloup.fr\/wp-content\/uploads\/2022\/02\/sable-caroube.png\" data-light-image=\"https:\/\/apaindeloup.fr\/wp-content\/uploads\/2022\/02\/sable-caroube.png\" data-id=\"1860\" class=\"wp-image-1860 skip-lazy\" srcset=\"https:\/\/apaindeloup.fr\/wp-content\/uploads\/2022\/02\/sable-caroube.png 374w, https:\/\/apaindeloup.fr\/wp-content\/uploads\/2022\/02\/sable-caroube-300x298.png 300w, https:\/\/apaindeloup.fr\/wp-content\/uploads\/2022\/02\/sable-caroube-150x150.png 150w\" sizes=\"auto, (max-width: 374px) 100vw, 374px\" \/><\/div><\/div><\/figure><\/div><\/div><\/li><li class=\"kb-slide-item kb-gallery-carousel-item splide__slide\"><div class=\"kadence-blocks-gallery-item\"><div class=\"kadence-blocks-gallery-item-inner\"><figure class=\"kb-gallery-figure kadence-blocks-gallery-item-hide-caption\"><div class=\"kb-gal-image-radius\"><div class=\"kb-gallery-image-contain\" ><img loading=\"lazy\" decoding=\"async\" src=\"https:\/\/apaindeloup.fr\/wp-content\/uploads\/2022\/02\/sablezain.png\" width=\"373\" height=\"372\" alt=\"\" data-full-image=\"https:\/\/apaindeloup.fr\/wp-content\/uploads\/2022\/02\/sablezain.png\" data-light-image=\"https:\/\/apaindeloup.fr\/wp-content\/uploads\/2022\/02\/sablezain.png\" data-id=\"1861\" class=\"wp-image-1861 skip-lazy\" srcset=\"https:\/\/apaindeloup.fr\/wp-content\/uploads\/2022\/02\/sablezain.png 373w, https:\/\/apaindeloup.fr\/wp-content\/uploads\/2022\/02\/sablezain-300x300.png 300w, https:\/\/apaindeloup.fr\/wp-content\/uploads\/2022\/02\/sablezain-150x150.png 150w\" sizes=\"auto, (max-width: 373px) 100vw, 373px\" \/><\/div><\/div><\/figure><\/div><\/div><\/li><li class=\"kb-slide-item kb-gallery-carousel-item splide__slide\"><div class=\"kadence-blocks-gallery-item\"><div class=\"kadence-blocks-gallery-item-inner\"><figure class=\"kb-gallery-figure kadence-blocks-gallery-item-hide-caption\"><div class=\"kb-gal-image-radius\"><div class=\"kb-gallery-image-contain\" ><img loading=\"lazy\" decoding=\"async\" src=\"https:\/\/apaindeloup.fr\/wp-content\/uploads\/2024\/08\/Capture-decran-2024-08-22-095117-1.png\" width=\"226\" height=\"288\" alt=\"\" data-full-image=\"https:\/\/apaindeloup.fr\/wp-content\/uploads\/2024\/08\/Capture-decran-2024-08-22-095117-1.png\" data-light-image=\"https:\/\/apaindeloup.fr\/wp-content\/uploads\/2024\/08\/Capture-decran-2024-08-22-095117-1.png\" data-id=\"2236\" class=\"wp-image-2236 skip-lazy\" srcset=\"https:\/\/apaindeloup.fr\/wp-content\/uploads\/2024\/08\/Capture-decran-2024-08-22-095117-1.png 226w, https:\/\/apaindeloup.fr\/wp-content\/uploads\/2024\/08\/Capture-decran-2024-08-22-095117-1-118x150.png 118w\" sizes=\"auto, (max-width: 226px) 100vw, 226px\" \/><\/div><\/div><\/figure><\/div><\/div><\/li><\/ul><\/div><\/div><\/div><\/div>\n\n\n<p><\/p>\n","protected":false},"excerpt":{"rendered":"<p>\u00ab Sous quelque rapport qu&rsquo;on envisage la gourmandise, elle ne m\u00e9rite qu&rsquo;\u00e9loge et encouragement.\u00bb Jean-Anthelme Brillat-Savarin VIENNOISERIES Patte de Loup Brioche v\u00e9g\u00e9talienne \u00e0 l&rsquo;huile d&rsquo;olive et beurre coco tournesol, biga (p\u00e2te pr\u00e9ferment\u00e9e italienne), levure, avec de la farine de bl\u00e9&#8230;<\/p>\n<p> <a class=\"continue-reading-link\" href=\"https:\/\/apaindeloup.fr\/index.php\/artisan-boulanger-bio-belley-gourmandises-vegan\/\"><span>LIRE PLUS&#8230;<\/span><i class=\"crycon-right-dir\"><\/i><\/a> <\/p>\n","protected":false},"author":1,"featured_media":0,"parent":0,"menu_order":0,"comment_status":"closed","ping_status":"closed","template":"","meta":{"footnotes":""},"class_list":["post-207","page","type-page","status-publish","hentry"],"yoast_head":"<!-- This site is optimized with the Yoast SEO plugin v27.4 - https:\/\/yoast.com\/product\/yoast-seo-wordpress\/ -->\n<title>Boulangerie Bio artisanale \u00e0 Belley. Gourmandises v\u00e9gan<\/title>\n<meta name=\"description\" content=\"A pain de Loup : boulangerie Bio artisanale situ\u00e9e \u00e0 Belley proposant une gamme de viennoiseries et biscuits v\u00e9gan.\" \/>\n<meta name=\"robots\" content=\"index, follow, max-snippet:-1, max-image-preview:large, max-video-preview:-1\" \/>\n<link rel=\"canonical\" href=\"https:\/\/apaindeloup.fr\/index.php\/artisan-boulanger-bio-belley-gourmandises-vegan\/\" \/>\n<meta property=\"og:locale\" content=\"fr_FR\" \/>\n<meta property=\"og:type\" content=\"article\" \/>\n<meta property=\"og:title\" content=\"Boulangerie Bio artisanale \u00e0 Belley. Gourmandises v\u00e9gan\" \/>\n<meta property=\"og:description\" content=\"A pain de Loup : boulangerie Bio artisanale situ\u00e9e \u00e0 Belley proposant une gamme de viennoiseries et biscuits v\u00e9gan.\" \/>\n<meta property=\"og:url\" content=\"https:\/\/apaindeloup.fr\/index.php\/artisan-boulanger-bio-belley-gourmandises-vegan\/\" \/>\n<meta property=\"og:site_name\" content=\"A pain de Loup\" \/>\n<meta property=\"article:modified_time\" content=\"2025-10-16T07:49:51+00:00\" \/>\n<meta property=\"og:image\" content=\"https:\/\/apaindeloup.fr\/wp-content\/uploads\/2023\/09\/pattedeloup-64de39d8db927.jpg\" \/>\n\t<meta property=\"og:image:width\" content=\"400\" \/>\n\t<meta property=\"og:image:height\" content=\"400\" \/>\n\t<meta property=\"og:image:type\" content=\"image\/jpeg\" \/>\n<meta name=\"twitter:card\" content=\"summary_large_image\" \/>\n<meta name=\"twitter:label1\" content=\"Dur\u00e9e de lecture estim\u00e9e\" \/>\n\t<meta name=\"twitter:data1\" content=\"11 minutes\" \/>\n<script type=\"application\/ld+json\" class=\"yoast-schema-graph\">{\"@context\":\"https:\\\/\\\/schema.org\",\"@graph\":[{\"@type\":\"WebPage\",\"@id\":\"https:\\\/\\\/apaindeloup.fr\\\/index.php\\\/artisan-boulanger-bio-belley-gourmandises-vegan\\\/\",\"url\":\"https:\\\/\\\/apaindeloup.fr\\\/index.php\\\/artisan-boulanger-bio-belley-gourmandises-vegan\\\/\",\"name\":\"Boulangerie Bio artisanale \u00e0 Belley. Gourmandises v\u00e9gan\",\"isPartOf\":{\"@id\":\"https:\\\/\\\/apaindeloup.fr\\\/#website\"},\"primaryImageOfPage\":{\"@id\":\"https:\\\/\\\/apaindeloup.fr\\\/index.php\\\/artisan-boulanger-bio-belley-gourmandises-vegan\\\/#primaryimage\"},\"image\":{\"@id\":\"https:\\\/\\\/apaindeloup.fr\\\/index.php\\\/artisan-boulanger-bio-belley-gourmandises-vegan\\\/#primaryimage\"},\"thumbnailUrl\":\"https:\\\/\\\/apaindeloup.fr\\\/wp-content\\\/uploads\\\/2023\\\/09\\\/pattedeloup-64de39d8db927.jpg\",\"datePublished\":\"2021-03-22T09:00:59+00:00\",\"dateModified\":\"2025-10-16T07:49:51+00:00\",\"description\":\"A pain de Loup : boulangerie Bio artisanale situ\u00e9e \u00e0 Belley proposant une gamme de viennoiseries et biscuits v\u00e9gan.\",\"breadcrumb\":{\"@id\":\"https:\\\/\\\/apaindeloup.fr\\\/index.php\\\/artisan-boulanger-bio-belley-gourmandises-vegan\\\/#breadcrumb\"},\"inLanguage\":\"fr-FR\",\"potentialAction\":[{\"@type\":\"ReadAction\",\"target\":[\"https:\\\/\\\/apaindeloup.fr\\\/index.php\\\/artisan-boulanger-bio-belley-gourmandises-vegan\\\/\"]}]},{\"@type\":\"ImageObject\",\"inLanguage\":\"fr-FR\",\"@id\":\"https:\\\/\\\/apaindeloup.fr\\\/index.php\\\/artisan-boulanger-bio-belley-gourmandises-vegan\\\/#primaryimage\",\"url\":\"https:\\\/\\\/apaindeloup.fr\\\/wp-content\\\/uploads\\\/2023\\\/09\\\/pattedeloup-64de39d8db927.jpg\",\"contentUrl\":\"https:\\\/\\\/apaindeloup.fr\\\/wp-content\\\/uploads\\\/2023\\\/09\\\/pattedeloup-64de39d8db927.jpg\",\"width\":400,\"height\":400},{\"@type\":\"BreadcrumbList\",\"@id\":\"https:\\\/\\\/apaindeloup.fr\\\/index.php\\\/artisan-boulanger-bio-belley-gourmandises-vegan\\\/#breadcrumb\",\"itemListElement\":[{\"@type\":\"ListItem\",\"position\":1,\"name\":\"Accueil\",\"item\":\"https:\\\/\\\/apaindeloup.fr\\\/\"},{\"@type\":\"ListItem\",\"position\":2,\"name\":\"Gourmandises\"}]},{\"@type\":\"WebSite\",\"@id\":\"https:\\\/\\\/apaindeloup.fr\\\/#website\",\"url\":\"https:\\\/\\\/apaindeloup.fr\\\/\",\"name\":\"A pain de Loup\",\"description\":\"pain au levain sauvage\",\"potentialAction\":[{\"@type\":\"SearchAction\",\"target\":{\"@type\":\"EntryPoint\",\"urlTemplate\":\"https:\\\/\\\/apaindeloup.fr\\\/?s={search_term_string}\"},\"query-input\":{\"@type\":\"PropertyValueSpecification\",\"valueRequired\":true,\"valueName\":\"search_term_string\"}}],\"inLanguage\":\"fr-FR\"}]}<\/script>\n<!-- \/ Yoast SEO plugin. -->","yoast_head_json":{"title":"Boulangerie Bio artisanale \u00e0 Belley. Gourmandises v\u00e9gan","description":"A pain de Loup : boulangerie Bio artisanale situ\u00e9e \u00e0 Belley proposant une gamme de viennoiseries et biscuits v\u00e9gan.","robots":{"index":"index","follow":"follow","max-snippet":"max-snippet:-1","max-image-preview":"max-image-preview:large","max-video-preview":"max-video-preview:-1"},"canonical":"https:\/\/apaindeloup.fr\/index.php\/artisan-boulanger-bio-belley-gourmandises-vegan\/","og_locale":"fr_FR","og_type":"article","og_title":"Boulangerie Bio artisanale \u00e0 Belley. Gourmandises v\u00e9gan","og_description":"A pain de Loup : boulangerie Bio artisanale situ\u00e9e \u00e0 Belley proposant une gamme de viennoiseries et biscuits v\u00e9gan.","og_url":"https:\/\/apaindeloup.fr\/index.php\/artisan-boulanger-bio-belley-gourmandises-vegan\/","og_site_name":"A pain de Loup","article_modified_time":"2025-10-16T07:49:51+00:00","og_image":[{"width":400,"height":400,"url":"https:\/\/apaindeloup.fr\/wp-content\/uploads\/2023\/09\/pattedeloup-64de39d8db927.jpg","type":"image\/jpeg"}],"twitter_card":"summary_large_image","twitter_misc":{"Dur\u00e9e de lecture estim\u00e9e":"11 minutes"},"schema":{"@context":"https:\/\/schema.org","@graph":[{"@type":"WebPage","@id":"https:\/\/apaindeloup.fr\/index.php\/artisan-boulanger-bio-belley-gourmandises-vegan\/","url":"https:\/\/apaindeloup.fr\/index.php\/artisan-boulanger-bio-belley-gourmandises-vegan\/","name":"Boulangerie Bio artisanale \u00e0 Belley. Gourmandises v\u00e9gan","isPartOf":{"@id":"https:\/\/apaindeloup.fr\/#website"},"primaryImageOfPage":{"@id":"https:\/\/apaindeloup.fr\/index.php\/artisan-boulanger-bio-belley-gourmandises-vegan\/#primaryimage"},"image":{"@id":"https:\/\/apaindeloup.fr\/index.php\/artisan-boulanger-bio-belley-gourmandises-vegan\/#primaryimage"},"thumbnailUrl":"https:\/\/apaindeloup.fr\/wp-content\/uploads\/2023\/09\/pattedeloup-64de39d8db927.jpg","datePublished":"2021-03-22T09:00:59+00:00","dateModified":"2025-10-16T07:49:51+00:00","description":"A pain de Loup : boulangerie Bio artisanale situ\u00e9e \u00e0 Belley proposant une gamme de viennoiseries et biscuits v\u00e9gan.","breadcrumb":{"@id":"https:\/\/apaindeloup.fr\/index.php\/artisan-boulanger-bio-belley-gourmandises-vegan\/#breadcrumb"},"inLanguage":"fr-FR","potentialAction":[{"@type":"ReadAction","target":["https:\/\/apaindeloup.fr\/index.php\/artisan-boulanger-bio-belley-gourmandises-vegan\/"]}]},{"@type":"ImageObject","inLanguage":"fr-FR","@id":"https:\/\/apaindeloup.fr\/index.php\/artisan-boulanger-bio-belley-gourmandises-vegan\/#primaryimage","url":"https:\/\/apaindeloup.fr\/wp-content\/uploads\/2023\/09\/pattedeloup-64de39d8db927.jpg","contentUrl":"https:\/\/apaindeloup.fr\/wp-content\/uploads\/2023\/09\/pattedeloup-64de39d8db927.jpg","width":400,"height":400},{"@type":"BreadcrumbList","@id":"https:\/\/apaindeloup.fr\/index.php\/artisan-boulanger-bio-belley-gourmandises-vegan\/#breadcrumb","itemListElement":[{"@type":"ListItem","position":1,"name":"Accueil","item":"https:\/\/apaindeloup.fr\/"},{"@type":"ListItem","position":2,"name":"Gourmandises"}]},{"@type":"WebSite","@id":"https:\/\/apaindeloup.fr\/#website","url":"https:\/\/apaindeloup.fr\/","name":"A pain de Loup","description":"pain au levain sauvage","potentialAction":[{"@type":"SearchAction","target":{"@type":"EntryPoint","urlTemplate":"https:\/\/apaindeloup.fr\/?s={search_term_string}"},"query-input":{"@type":"PropertyValueSpecification","valueRequired":true,"valueName":"search_term_string"}}],"inLanguage":"fr-FR"}]}},"_links":{"self":[{"href":"https:\/\/apaindeloup.fr\/index.php\/wp-json\/wp\/v2\/pages\/207","targetHints":{"allow":["GET"]}}],"collection":[{"href":"https:\/\/apaindeloup.fr\/index.php\/wp-json\/wp\/v2\/pages"}],"about":[{"href":"https:\/\/apaindeloup.fr\/index.php\/wp-json\/wp\/v2\/types\/page"}],"author":[{"embeddable":true,"href":"https:\/\/apaindeloup.fr\/index.php\/wp-json\/wp\/v2\/users\/1"}],"replies":[{"embeddable":true,"href":"https:\/\/apaindeloup.fr\/index.php\/wp-json\/wp\/v2\/comments?post=207"}],"version-history":[{"count":169,"href":"https:\/\/apaindeloup.fr\/index.php\/wp-json\/wp\/v2\/pages\/207\/revisions"}],"predecessor-version":[{"id":2322,"href":"https:\/\/apaindeloup.fr\/index.php\/wp-json\/wp\/v2\/pages\/207\/revisions\/2322"}],"wp:attachment":[{"href":"https:\/\/apaindeloup.fr\/index.php\/wp-json\/wp\/v2\/media?parent=207"}],"curies":[{"name":"wp","href":"https:\/\/api.w.org\/{rel}","templated":true}]}}